{"id":92,"date":"2015-05-12T16:30:09","date_gmt":"2015-05-12T14:30:09","guid":{"rendered":"http:\/\/grundschule-am-papenberg.de\/wordpress\/?page_id=92"},"modified":"2025-10-12T09:26:47","modified_gmt":"2025-10-12T07:26:47","slug":"foerderverein","status":"publish","type":"page","link":"http:\/\/grundschule-am-papenberg.de\/?page_id=92","title":{"rendered":"F\u00f6rderverein"},"content":{"rendered":"<p style=\"text-align: left;\"><strong>Liebe Eltern,<\/strong><\/p>\n<p style=\"text-align: left;\">eine gute Schule funktioniert nur gemeinsam &#8211; mit Eltern, Sch\u00fclern, Lehrern und Erziehern. Daher m\u00fcssen wir Eigeninitiative ergreifen! Der F\u00f6rderverein der Grundschule Am Papenberg widmet sich seit mehr als 20 Jahren dieser Aufgabe.<\/p>\n<p style=\"text-align: left;\">Er wurde am 14.10.1993 gegr\u00fcndet. Der Verein verfolgt ausschlie\u00dflich das Ziel der F\u00f6rderung und Unterst\u00fctzung der Lernarbeit unserer Sch\u00fcler, hilft bei der Ausgestaltung des Schulgeb\u00e4udes und unterst\u00fctzt uns bei der Durchf\u00fchrung schulischer Veranstaltungen, z. B. Theater- oder Kinobesuche, Fasching und Wettbewerbe.<\/p>\n<p style=\"text-align: left;\"><strong>Vorstand<\/strong><\/p>\n<table>\n<tbody>\n<tr>\n<td>Vorsitzende<\/td>\n<td>Ute Roddeck<\/td>\n<\/tr>\n<tr>\n<td>Stellvertreter<\/td>\n<td>Mathias Tost<\/td>\n<\/tr>\n<tr>\n<td>Kassenwartin<\/td>\n<td>Antje Nell<\/td>\n<\/tr>\n<\/tbody>\n<\/table>\n<p><strong>Bitte unterst\u00fctzen Sie uns mit Ihrer Mitgliedschaft &#8211; jeder Euro z\u00e4hlt!\u00a0\u00a0\u00a0\u00a0\u00a0 <a href=\"http:\/\/grundschule-am-papenberg.de\/wordpress\/wp-content\/uploads\/2015\/08\/PDF-Beitrittserklaerung.pdf\" target=\"_blank\" rel=\"noopener noreferrer\">Beitrittserkl\u00e4rung.pdf<\/a><\/strong><\/p>\n<table>\n<tbody>\n<tr>\n<td>Kontoinhaber<\/td>\n<td>F\u00f6rderverein der Grundschule Am Papenberg<\/td>\n<\/tr>\n<tr>\n<td>Bank<\/td>\n<td>M\u00fcritz &#8211; Sparkasse<\/td>\n<\/tr>\n<tr>\n<td>BIC<\/td>\n<td>NOLADE21WRN<\/td>\n<\/tr>\n<tr>\n<td>IBAN<\/td>\n<td>DE86 1505 0100 1714 0011 44<\/td>\n<\/tr>\n<\/tbody>\n<\/table>\n<p><strong>Kontakt<\/strong><\/p>\n<p>F\u00f6rderverein der Grundschule Am Papenberg<br \/>\nB\u00fcrgermeister-Schlaaff-Stra\u00dfe 26<br \/>\n17192 Waren (M\u00fcritz)<\/p>\n","protected":false},"excerpt":{"rendered":"<p>Liebe Eltern, eine gute Schule funktioniert nur gemeinsam &#8211; mit Eltern, Sch\u00fclern, Lehrern und Erziehern. Daher m\u00fcssen wir Eigeninitiative ergreifen! Der F\u00f6rderverein der Grundschule Am Papenberg widmet sich seit mehr als 20 Jahren dieser Aufgabe. Er wurde am 14.10.1993 gegr\u00fcndet. Der Verein verfolgt ausschlie\u00dflich das Ziel der F\u00f6rderung und Unterst\u00fctzung der Lernarbeit unserer Sch\u00fcler, hilft [&hellip;]<\/p>\n","protected":false},"author":2,"featured_media":0,"parent":87,"menu_order":2,"comment_status":"closed","ping_status":"closed","template":"","meta":{"footnotes":""},"class_list":["post-92","page","type-page","status-publish","hentry"],"_links":{"self":[{"href":"http:\/\/grundschule-am-papenberg.de\/index.php?rest_route=\/wp\/v2\/pages\/92","targetHints":{"allow":["GET"]}}],"collection":[{"href":"http:\/\/grundschule-am-papenberg.de\/index.php?rest_route=\/wp\/v2\/pages"}],"about":[{"href":"http:\/\/grundschule-am-papenberg.de\/index.php?rest_route=\/wp\/v2\/types\/page"}],"author":[{"embeddable":true,"href":"http:\/\/grundschule-am-papenberg.de\/index.php?rest_route=\/wp\/v2\/users\/2"}],"replies":[{"embeddable":true,"href":"http:\/\/grundschule-am-papenberg.de\/index.php?rest_route=%2Fwp%2Fv2%2Fcomments&post=92"}],"version-history":[{"count":3,"href":"http:\/\/grundschule-am-papenberg.de\/index.php?rest_route=\/wp\/v2\/pages\/92\/revisions"}],"predecessor-version":[{"id":6105,"href":"http:\/\/grundschule-am-papenberg.de\/index.php?rest_route=\/wp\/v2\/pages\/92\/revisions\/6105"}],"up":[{"embeddable":true,"href":"http:\/\/grundschule-am-papenberg.de\/index.php?rest_route=\/wp\/v2\/pages\/87"}],"wp:attachment":[{"href":"http:\/\/grundschule-am-papenberg.de\/index.php?rest_route=%2Fwp%2Fv2%2Fmedia&parent=92"}],"curies":[{"name":"wp","href":"https:\/\/api.w.org\/{rel}","templated":true}]}}