{"id":90,"date":"2015-05-12T16:29:38","date_gmt":"2015-05-12T14:29:38","guid":{"rendered":"http:\/\/grundschule-am-papenberg.de\/wordpress\/?page_id=90"},"modified":"2025-12-11T21:25:46","modified_gmt":"2025-12-11T20:25:46","slug":"schulkonferenz","status":"publish","type":"page","link":"http:\/\/grundschule-am-papenberg.de\/?page_id=90","title":{"rendered":"Schulkonferenz"},"content":{"rendered":"<p style=\"text-align: left;\">Die Schulkonferenz ber\u00e4t und beschlie\u00dft \u00fcber alle wichtigen Fragen der Zusammenarbeit \u00a0von Lehrkr\u00e4ften, Sch\u00fclern sowie Erziehungsberechtigten.<\/p>\n<p style=\"text-align: left;\">In Schuljahr 2025\/2026 fanden Wahlen statt.<\/p>\n<p style=\"text-align: left;\"><strong>Vorstand &#8211; Schulelternrat:<\/strong><\/p>\n<table style=\"height: 5px; width: 700px;\">\n<tbody>\n<tr>\n<td style=\"width: 340.317px;\">Vorsitzender der Schulkonferenz:<span style=\"font-family: inherit; font-size: revert;\">1. Stellvertreterin:<\/span><\/td>\n<td style=\"width: 343.683px;\">Herr Schaarschmidt<span style=\"font-size: revert; font-family: inherit;\">Frau Hoffmann<\/span><\/td>\n<\/tr>\n<\/tbody>\n<\/table>\n<p style=\"text-align: left;\"><strong>Mitglieder der Schulkonferenz:<\/strong><\/p>\n<table style=\"width: 82.666518%; height: 10px;\">\n<tbody>\n<tr>\n<td style=\"width: 51.515759%;\"><span style=\"color: #000000; background-color: #99ccff;\"><strong>Elternrat:<\/strong><\/span><span style=\"font-size: revert; font-family: inherit; color: #000000; background-color: #99ccff;\">Herr Schaarschmidt (Vorsitzender)<\/span><\/p>\n<p><span style=\"color: #000000; background-color: #99ccff;\">Frau Hoffmann (1. Stellvertretung)<\/span><\/p>\n<p><span style=\"color: #000000; background-color: #99ccff;\">Frau Boldt<\/span><\/p>\n<p><span style=\"color: #000000; background-color: #99ccff;\">Frau Kietzmann<\/span><\/p>\n<p><span style=\"color: #000000; background-color: #99ccff;\">Herr R\u00f6per<\/span><\/p>\n<p><span style=\"color: #000000; background-color: #99ccff;\">Frau Strubelt<\/span><\/td>\n<td style=\"width: 47.336465%;\"><span style=\"color: #000000; background-color: #99cc00;\"><strong>Lehrerrat:<\/strong><\/span><span style=\"color: #000000; background-color: #99cc00;\">Frau Holzbach (Vorsitzende)<\/span><\/p>\n<p><span style=\"color: #000000; background-color: #99cc00;\">Frau Kuckuck (1. Stellvertretung)<\/span><\/p>\n<p><span style=\"color: #000000; background-color: #99cc00;\">Frau Henkel<\/span><\/p>\n<p><span style=\"color: #000000; background-color: #99cc00;\">Frau Wyludda<\/span><\/p>\n<p><span style=\"color: #000000; background-color: #99cc00;\">Frau Marienhagen<\/span><\/p>\n<p><span style=\"color: #000000; background-color: #99cc00;\">Frau Bitaris<\/span><\/td>\n<\/tr>\n<tr>\n<td style=\"width: 51.515759%;\"><span style=\"background-color: #993366; color: #ffffff;\"><strong>Schulleitung:<\/strong><\/span><span style=\"background-color: #993366; color: #ffffff;\">Frau Thiele\u00a0<\/span><\/td>\n<td style=\"width: 47.336465%;\"><span style=\"background-color: #ffcc00;\"><strong>Vertreter der Stadt (Schultr\u00e4ger):<\/strong><\/span><span style=\"background-color: #ffcc00;\">Frau Dreier \/ Herr Kober<\/span><\/td>\n<\/tr>\n<\/tbody>\n<\/table>\n","protected":false},"excerpt":{"rendered":"<p>Die Schulkonferenz ber\u00e4t und beschlie\u00dft \u00fcber alle wichtigen Fragen der Zusammenarbeit \u00a0von Lehrkr\u00e4ften, Sch\u00fclern sowie Erziehungsberechtigten. In Schuljahr 2025\/2026 fanden Wahlen statt. Vorstand &#8211; Schulelternrat: Vorsitzender der Schulkonferenz:1. Stellvertreterin: Herr SchaarschmidtFrau Hoffmann Mitglieder der Schulkonferenz: Elternrat:Herr Schaarschmidt (Vorsitzender) Frau Hoffmann (1. Stellvertretung) Frau Boldt Frau Kietzmann Herr R\u00f6per Frau Strubelt Lehrerrat:Frau Holzbach (Vorsitzende) Frau Kuckuck [&hellip;]<\/p>\n","protected":false},"author":2,"featured_media":0,"parent":87,"menu_order":1,"comment_status":"closed","ping_status":"closed","template":"","meta":{"footnotes":""},"class_list":["post-90","page","type-page","status-publish","hentry"],"_links":{"self":[{"href":"http:\/\/grundschule-am-papenberg.de\/index.php?rest_route=\/wp\/v2\/pages\/90","targetHints":{"allow":["GET"]}}],"collection":[{"href":"http:\/\/grundschule-am-papenberg.de\/index.php?rest_route=\/wp\/v2\/pages"}],"about":[{"href":"http:\/\/grundschule-am-papenberg.de\/index.php?rest_route=\/wp\/v2\/types\/page"}],"author":[{"embeddable":true,"href":"http:\/\/grundschule-am-papenberg.de\/index.php?rest_route=\/wp\/v2\/users\/2"}],"replies":[{"embeddable":true,"href":"http:\/\/grundschule-am-papenberg.de\/index.php?rest_route=%2Fwp%2Fv2%2Fcomments&post=90"}],"version-history":[{"count":2,"href":"http:\/\/grundschule-am-papenberg.de\/index.php?rest_route=\/wp\/v2\/pages\/90\/revisions"}],"predecessor-version":[{"id":6154,"href":"http:\/\/grundschule-am-papenberg.de\/index.php?rest_route=\/wp\/v2\/pages\/90\/revisions\/6154"}],"up":[{"embeddable":true,"href":"http:\/\/grundschule-am-papenberg.de\/index.php?rest_route=\/wp\/v2\/pages\/87"}],"wp:attachment":[{"href":"http:\/\/grundschule-am-papenberg.de\/index.php?rest_route=%2Fwp%2Fv2%2Fmedia&parent=90"}],"curies":[{"name":"wp","href":"https:\/\/api.w.org\/{rel}","templated":true}]}}