{"id":4538,"date":"2023-04-12T10:07:29","date_gmt":"2023-04-12T08:07:29","guid":{"rendered":"http:\/\/grundschule-am-papenberg.de\/?page_id=4538"},"modified":"2025-05-26T19:54:08","modified_gmt":"2025-05-26T17:54:08","slug":"gallerie","status":"publish","type":"page","link":"http:\/\/grundschule-am-papenberg.de\/?page_id=4538","title":{"rendered":"Galerie"},"content":{"rendered":"\n<p>Hier erhalten Sie Einblicke in unser Schulgeb\u00e4ude. Ob Klassenzimmer, Fachr\u00e4ume, Pausenhof oder unser gro\u00dfes Atrium \u2013 jeder Abschnitt der Galerie stellt einen anderen Bereich unserer Schule vor und l\u00e4dt dazu ein, unser Schulleben zu entdecken.<\/p>\n\n\n\n<p>Wir w\u00fcnschen viel Freude beim St\u00f6bern!<\/p>\n\n\n\n<h2 class=\"wp-block-heading\">Unser Schulhaus und unsere zwei Schulh\u00f6fe<\/h2>\n\n\n\n<p><\/p>\n\n\n<style>#jtg-5664 .modula-item .jtg-social a, .lightbox-socials.jtg-social a{ fill: #ffffff; color: #ffffff }#jtg-5664 .modula-item .jtg-social-mobile a{ fill: #ffffff; color: #ffffff }#jtg-5664 .modula-item .jtg-social svg, .lightbox-socials.jtg-social svg { height: 16px; width: 16px }#jtg-5664 .modula-item .jtg-social-mobile svg { height: 16px; width: 16px }#jtg-5664 .modula-item .jtg-social a:not(:last-child), .lightbox-socials.jtg-social a:not(:last-child) { margin-right: 10px }#jtg-5664 .modula-item .jtg-social-mobile .jtg-social-mobile-icons a:not(:last-child){ margin-right: 10px }#jtg-5664 .modula-item .figc {color:#ffffff;}#jtg-5664 .modula-item .figc .jtg-title {  font-size: 24px; }#jtg-5664 .modula-item .modula-item-content { transform: scale(1) }#jtg-5664 { width:100%;}#jtg-5664 .modula-items .figc p.description { font-size:16px; }#jtg-5664 .modula-items .figc p.description { color:#ffffff;}#jtg-5664 .modula-items .figc .jtg-title { color:#ffffff; }#jtg-5664.modula-gallery .modula-item > a, #jtg-5664.modula-gallery .modula-item, #jtg-5664.modula-gallery .modula-item-content > a:not(.modula-no-follow) { cursor:zoom-in; } #jtg-5664.modula-gallery .modula-item-content .modula-no-follow { cursor: default; } @media screen and (max-width:480px){#jtg-5664 .modula-item .figc .jtg-title {  font-size: 12px; }#jtg-5664 .modula-items .figc p.description { color:#ffffff;font-size:10px; }}<\/style>\n<div  id=\"jtg-5664\" class=\"modula modula-gallery modula-columns\" data-config=\"{&quot;tabletHeight&quot;:800,&quot;mobileHeight&quot;:800,&quot;desktopHeight&quot;:800,&quot;enableTwitter&quot;:false,&quot;enableWhatsapp&quot;:false,&quot;enableFacebook&quot;:false,&quot;enablePinterest&quot;:false,&quot;enableLinkedin&quot;:false,&quot;enableEmail&quot;:false,&quot;randomFactor&quot;:0.5,&quot;type&quot;:&quot;grid&quot;,&quot;columns&quot;:12,&quot;gutter&quot;:10,&quot;mobileGutter&quot;:10,&quot;tabletGutter&quot;:10,&quot;desktopGutter&quot;:10,&quot;enableResponsive&quot;:&quot;0&quot;,&quot;tabletColumns&quot;:2,&quot;mobileColumns&quot;:1,&quot;lazyLoad&quot;:true,&quot;lightboxOpts&quot;:{&quot;animated&quot;:true,&quot;Thumbs&quot;:{&quot;type&quot;:&quot;modern&quot;,&quot;showOnStart&quot;:false},&quot;Toolbar&quot;:{&quot;display&quot;:{&quot;right&quot;:[&quot;close&quot;]},&quot;enabled&quot;:true},&quot;Carousel&quot;:{&quot;Panzoom&quot;:{&quot;touch&quot;:false},&quot;infinite&quot;:false},&quot;keyboard&quot;:{&quot;Escape&quot;:&quot;close&quot;,&quot;Delete&quot;:&quot;close&quot;,&quot;Backspace&quot;:&quot;close&quot;,&quot;PageUp&quot;:false,&quot;PageDown&quot;:false,&quot;ArrowUp&quot;:false,&quot;ArrowDown&quot;:false,&quot;ArrowRight&quot;:false,&quot;ArrowLeft&quot;:false},&quot;touch&quot;:false,&quot;backdropClick&quot;:false,&quot;l10n&quot;:{&quot;CLOSE&quot;:&quot;Close&quot;,&quot;NEXT&quot;:&quot;Next&quot;,&quot;PREV&quot;:&quot;Previous&quot;,&quot;Error&quot;:&quot;The requested content cannot be loaded. Please try again later.&quot;,&quot;PLAY_START&quot;:&quot;Start slideshow&quot;,&quot;PLAY_STOP&quot;:&quot;Pause slideshow&quot;,&quot;FULL_SCREEN&quot;:&quot;Full screen&quot;,&quot;THUMBS&quot;:&quot;Thumbnails&quot;,&quot;DOWNLOAD&quot;:&quot;Download&quot;,&quot;SHARE&quot;:&quot;Share&quot;,&quot;ZOOM&quot;:&quot;Zoom&quot;,&quot;EMAIL&quot;:&quot;Here is the link to the image : %%image_link%% and this is the link to the gallery : %%gallery_link%%&quot;,&quot;MODAL&quot;:&quot;You can close this modal content with the ESC key&quot;,&quot;ERROR&quot;:&quot;Something Went Wrong, Please Try Again Later&quot;,&quot;IMAGE_ERROR&quot;:&quot;Image Not Found&quot;,&quot;ELEMENT_NOT_FOUND&quot;:&quot;HTML Element Not Found&quot;,&quot;AJAX_NOT_FOUND&quot;:&quot;Error Loading AJAX : Not Found&quot;,&quot;AJAX_FORBIDDEN&quot;:&quot;Error Loading AJAX : Forbidden&quot;,&quot;IFRAME_ERROR&quot;:&quot;Error Loading Page&quot;,&quot;TOGGLE_ZOOM&quot;:&quot;Toggle zoom level&quot;,&quot;TOGGLE_THUMBS&quot;:&quot;Toggle thumbnails&quot;,&quot;TOGGLE_SLIDESHOW&quot;:&quot;Toggle slideshow&quot;,&quot;TOGGLE_FULLSCREEN&quot;:&quot;Toggle full-screen mode&quot;},&quot;Images&quot;:{&quot;Panzoom&quot;:{&quot;maxScale&quot;:2}},&quot;mainClass&quot;:&quot;modula-fancybox-container modula-lightbox-jtg-5664&quot;,&quot;Html&quot;:{&quot;videoAutoplay&quot;:0,&quot;videoTpl&quot;:&quot;&lt;video class=\\&quot;fancybox__html5video\\&quot; controls muted playsinline controlsList controlsList=\\&quot;nodownload\\&quot; poster=\\&quot;{{poster}}\\&quot; src=\\&quot;{{src}}\\&quot; type=\\&quot;{{format}}\\&quot; &gt;  Sorry, your browser doesn&#039;t support embedded videos, &lt;a href=\\&quot;{{src}}\\&quot;&gt; download &lt;\\\/a&gt; and watch with your favorite video player! &lt;\\\/video&gt;&quot;}},&quot;inView&quot;:false,&quot;email_subject&quot;:&quot;Check out this awesome image !!&quot;,&quot;email_message&quot;:&quot;Here is the link to the image : %%image_link%% and this is the link to the gallery : %%gallery_link%%&quot;,&quot;grid_type&quot;:&quot;automatic&quot;,&quot;rowHeight&quot;:250,&quot;lastRow&quot;:&quot;justify&quot;,&quot;lightbox&quot;:&quot;fancybox&quot;}\">\n\n\t\n\t<div  class=\"modula-items grid-gallery\">\n\t\t<div class=\"modula-item effect-pufrobo\" >\n\t<div class=\"modula-item-overlay\"><\/div>\n\n\t<div class=\"modula-item-content\">\n\n\t\t\t\t\n\t\t\t\t\t<a data-image-id=\"5627\" tabindex=\"0\" rel=\"jtg-5664\" data-caption=\"\" aria-label=\"Open image in lightbox\" role=\"button\" class=\"tile-inner modula-item-link\"><\/a>\n\t\t\n\t\t<img class=\"pic wp-image-5627 lazyload\"  data-valign=\"middle\" data-halign=\"center\" alt=\"\" data-full=\"http:\/\/grundschule-am-papenberg.de\/wordpress\/wp-content\/uploads\/2025\/05\/IMG_8670.jpeg\" title=\"IMG_8670\" width=\"300\" height=\"225\" data-src=\"http:\/\/grundschule-am-papenberg.de\/wordpress\/wp-content\/uploads\/2025\/05\/IMG_8670-300x225.jpeg\" data-caption=\"\" data-source=\"modula\" data-srcset=\"http:\/\/grundschule-am-papenberg.de\/wordpress\/wp-content\/uploads\/2025\/05\/IMG_8670-scaled.jpeg 2560w, http:\/\/grundschule-am-papenberg.de\/wordpress\/wp-content\/uploads\/2025\/05\/IMG_8670-scaled-300x225.jpeg 300w, http:\/\/grundschule-am-papenberg.de\/wordpress\/wp-content\/uploads\/2025\/05\/IMG_8670-1024x768.jpeg 1024w, http:\/\/grundschule-am-papenberg.de\/wordpress\/wp-content\/uploads\/2025\/05\/IMG_8670-768x576.jpeg 768w, http:\/\/grundschule-am-papenberg.de\/wordpress\/wp-content\/uploads\/2025\/05\/IMG_8670-1536x1152.jpeg 1536w, http:\/\/grundschule-am-papenberg.de\/wordpress\/wp-content\/uploads\/2025\/05\/IMG_8670-2048x1536.jpeg 2048w, http:\/\/grundschule-am-papenberg.de\/wordpress\/wp-content\/uploads\/2025\/05\/IMG_8670-307x230.jpeg 307w\" data-sizes=\"(max-width: 300px) 100vw, 300px\" srcset=\"http:\/\/grundschule-am-papenberg.de\/wordpress\/wp-content\/uploads\/2025\/05\/IMG_8670-300x225.jpeg 300w, http:\/\/grundschule-am-papenberg.de\/wordpress\/wp-content\/uploads\/2025\/05\/IMG_8670-1024x768.jpeg 1024w, http:\/\/grundschule-am-papenberg.de\/wordpress\/wp-content\/uploads\/2025\/05\/IMG_8670-768x576.jpeg 768w, http:\/\/grundschule-am-papenberg.de\/wordpress\/wp-content\/uploads\/2025\/05\/IMG_8670-1536x1152.jpeg 1536w, http:\/\/grundschule-am-papenberg.de\/wordpress\/wp-content\/uploads\/2025\/05\/IMG_8670-2048x1536.jpeg 2048w, http:\/\/grundschule-am-papenberg.de\/wordpress\/wp-content\/uploads\/2025\/05\/IMG_8670-307x230.jpeg 307w\" sizes=\"(max-width: 300px) 100vw, 300px\" \/>\n\t\t<div class=\"figc no-description\">\n\t\t\t<div class=\"figc-inner\">\n\t\t\t\t\t\t\t\t\t\t\t\t\t\t\t<\/div>\n\t\t<\/div>\n\n\t<\/div>\n\n<\/div><div class=\"modula-item effect-pufrobo\" >\n\t<div class=\"modula-item-overlay\"><\/div>\n\n\t<div class=\"modula-item-content\">\n\n\t\t\t\t\n\t\t\t\t\t<a data-image-id=\"5633\" tabindex=\"0\" rel=\"jtg-5664\" data-caption=\"\" aria-label=\"Open image in lightbox\" role=\"button\" class=\"tile-inner modula-item-link\"><\/a>\n\t\t\n\t\t<img class=\"pic wp-image-5633 lazyload\"  data-valign=\"middle\" data-halign=\"center\" alt=\"\" data-full=\"http:\/\/grundschule-am-papenberg.de\/wordpress\/wp-content\/uploads\/2025\/05\/IMG_8659.jpeg\" title=\"IMG_8659\" width=\"300\" height=\"225\" data-src=\"http:\/\/grundschule-am-papenberg.de\/wordpress\/wp-content\/uploads\/2025\/05\/IMG_8659-300x225.jpeg\" data-caption=\"\" data-source=\"modula\" data-srcset=\"http:\/\/grundschule-am-papenberg.de\/wordpress\/wp-content\/uploads\/2025\/05\/IMG_8659-scaled.jpeg 2560w, http:\/\/grundschule-am-papenberg.de\/wordpress\/wp-content\/uploads\/2025\/05\/IMG_8659-scaled-300x225.jpeg 300w, http:\/\/grundschule-am-papenberg.de\/wordpress\/wp-content\/uploads\/2025\/05\/IMG_8659-1024x768.jpeg 1024w, http:\/\/grundschule-am-papenberg.de\/wordpress\/wp-content\/uploads\/2025\/05\/IMG_8659-768x576.jpeg 768w, http:\/\/grundschule-am-papenberg.de\/wordpress\/wp-content\/uploads\/2025\/05\/IMG_8659-1536x1152.jpeg 1536w, http:\/\/grundschule-am-papenberg.de\/wordpress\/wp-content\/uploads\/2025\/05\/IMG_8659-2048x1536.jpeg 2048w, http:\/\/grundschule-am-papenberg.de\/wordpress\/wp-content\/uploads\/2025\/05\/IMG_8659-307x230.jpeg 307w\" data-sizes=\"(max-width: 300px) 100vw, 300px\" srcset=\"http:\/\/grundschule-am-papenberg.de\/wordpress\/wp-content\/uploads\/2025\/05\/IMG_8659-300x225.jpeg 300w, http:\/\/grundschule-am-papenberg.de\/wordpress\/wp-content\/uploads\/2025\/05\/IMG_8659-1024x768.jpeg 1024w, http:\/\/grundschule-am-papenberg.de\/wordpress\/wp-content\/uploads\/2025\/05\/IMG_8659-768x576.jpeg 768w, http:\/\/grundschule-am-papenberg.de\/wordpress\/wp-content\/uploads\/2025\/05\/IMG_8659-1536x1152.jpeg 1536w, http:\/\/grundschule-am-papenberg.de\/wordpress\/wp-content\/uploads\/2025\/05\/IMG_8659-2048x1536.jpeg 2048w, http:\/\/grundschule-am-papenberg.de\/wordpress\/wp-content\/uploads\/2025\/05\/IMG_8659-307x230.jpeg 307w\" sizes=\"(max-width: 300px) 100vw, 300px\" \/>\n\t\t<div class=\"figc no-description\">\n\t\t\t<div class=\"figc-inner\">\n\t\t\t\t\t\t\t\t\t\t\t\t\t\t\t<\/div>\n\t\t<\/div>\n\n\t<\/div>\n\n<\/div><div class=\"modula-item effect-pufrobo\" >\n\t<div class=\"modula-item-overlay\"><\/div>\n\n\t<div class=\"modula-item-content\">\n\n\t\t\t\t\n\t\t\t\t\t<a data-image-id=\"5629\" tabindex=\"0\" rel=\"jtg-5664\" data-caption=\"\" aria-label=\"Open image in lightbox\" role=\"button\" class=\"tile-inner modula-item-link\"><\/a>\n\t\t\n\t\t<img class=\"pic wp-image-5629 lazyload\"  data-valign=\"middle\" data-halign=\"center\" alt=\"\" data-full=\"http:\/\/grundschule-am-papenberg.de\/wordpress\/wp-content\/uploads\/2025\/05\/IMG_8663.jpeg\" title=\"IMG_8663\" width=\"300\" height=\"225\" data-src=\"http:\/\/grundschule-am-papenberg.de\/wordpress\/wp-content\/uploads\/2025\/05\/IMG_8663-300x225.jpeg\" data-caption=\"\" data-source=\"modula\" data-srcset=\"http:\/\/grundschule-am-papenberg.de\/wordpress\/wp-content\/uploads\/2025\/05\/IMG_8663-scaled.jpeg 2560w, http:\/\/grundschule-am-papenberg.de\/wordpress\/wp-content\/uploads\/2025\/05\/IMG_8663-scaled-300x225.jpeg 300w, http:\/\/grundschule-am-papenberg.de\/wordpress\/wp-content\/uploads\/2025\/05\/IMG_8663-1024x768.jpeg 1024w, http:\/\/grundschule-am-papenberg.de\/wordpress\/wp-content\/uploads\/2025\/05\/IMG_8663-768x576.jpeg 768w, http:\/\/grundschule-am-papenberg.de\/wordpress\/wp-content\/uploads\/2025\/05\/IMG_8663-1536x1152.jpeg 1536w, http:\/\/grundschule-am-papenberg.de\/wordpress\/wp-content\/uploads\/2025\/05\/IMG_8663-2048x1536.jpeg 2048w, http:\/\/grundschule-am-papenberg.de\/wordpress\/wp-content\/uploads\/2025\/05\/IMG_8663-307x230.jpeg 307w\" data-sizes=\"(max-width: 300px) 100vw, 300px\" srcset=\"http:\/\/grundschule-am-papenberg.de\/wordpress\/wp-content\/uploads\/2025\/05\/IMG_8663-300x225.jpeg 300w, http:\/\/grundschule-am-papenberg.de\/wordpress\/wp-content\/uploads\/2025\/05\/IMG_8663-1024x768.jpeg 1024w, http:\/\/grundschule-am-papenberg.de\/wordpress\/wp-content\/uploads\/2025\/05\/IMG_8663-768x576.jpeg 768w, http:\/\/grundschule-am-papenberg.de\/wordpress\/wp-content\/uploads\/2025\/05\/IMG_8663-1536x1152.jpeg 1536w, http:\/\/grundschule-am-papenberg.de\/wordpress\/wp-content\/uploads\/2025\/05\/IMG_8663-2048x1536.jpeg 2048w, http:\/\/grundschule-am-papenberg.de\/wordpress\/wp-content\/uploads\/2025\/05\/IMG_8663-307x230.jpeg 307w\" sizes=\"(max-width: 300px) 100vw, 300px\" \/>\n\t\t<div class=\"figc no-description\">\n\t\t\t<div class=\"figc-inner\">\n\t\t\t\t\t\t\t\t\t\t\t\t\t\t\t<\/div>\n\t\t<\/div>\n\n\t<\/div>\n\n<\/div><div class=\"modula-item effect-pufrobo\" >\n\t<div class=\"modula-item-overlay\"><\/div>\n\n\t<div class=\"modula-item-content\">\n\n\t\t\t\t\n\t\t\t\t\t<a data-image-id=\"5628\" tabindex=\"0\" rel=\"jtg-5664\" data-caption=\"\" aria-label=\"Open image in lightbox\" role=\"button\" class=\"tile-inner modula-item-link\"><\/a>\n\t\t\n\t\t<img class=\"pic wp-image-5628 lazyload\"  data-valign=\"middle\" data-halign=\"center\" alt=\"\" data-full=\"http:\/\/grundschule-am-papenberg.de\/wordpress\/wp-content\/uploads\/2025\/05\/IMG_8646.jpeg\" title=\"IMG_8646\" width=\"300\" height=\"225\" data-src=\"http:\/\/grundschule-am-papenberg.de\/wordpress\/wp-content\/uploads\/2025\/05\/IMG_8646-300x225.jpeg\" data-caption=\"\" data-source=\"modula\" data-srcset=\"http:\/\/grundschule-am-papenberg.de\/wordpress\/wp-content\/uploads\/2025\/05\/IMG_8646-scaled.jpeg 2560w, http:\/\/grundschule-am-papenberg.de\/wordpress\/wp-content\/uploads\/2025\/05\/IMG_8646-scaled-300x225.jpeg 300w, http:\/\/grundschule-am-papenberg.de\/wordpress\/wp-content\/uploads\/2025\/05\/IMG_8646-1024x768.jpeg 1024w, http:\/\/grundschule-am-papenberg.de\/wordpress\/wp-content\/uploads\/2025\/05\/IMG_8646-768x576.jpeg 768w, http:\/\/grundschule-am-papenberg.de\/wordpress\/wp-content\/uploads\/2025\/05\/IMG_8646-1536x1152.jpeg 1536w, http:\/\/grundschule-am-papenberg.de\/wordpress\/wp-content\/uploads\/2025\/05\/IMG_8646-2048x1536.jpeg 2048w, http:\/\/grundschule-am-papenberg.de\/wordpress\/wp-content\/uploads\/2025\/05\/IMG_8646-307x230.jpeg 307w\" data-sizes=\"(max-width: 300px) 100vw, 300px\" srcset=\"http:\/\/grundschule-am-papenberg.de\/wordpress\/wp-content\/uploads\/2025\/05\/IMG_8646-300x225.jpeg 300w, http:\/\/grundschule-am-papenberg.de\/wordpress\/wp-content\/uploads\/2025\/05\/IMG_8646-1024x768.jpeg 1024w, http:\/\/grundschule-am-papenberg.de\/wordpress\/wp-content\/uploads\/2025\/05\/IMG_8646-768x576.jpeg 768w, http:\/\/grundschule-am-papenberg.de\/wordpress\/wp-content\/uploads\/2025\/05\/IMG_8646-1536x1152.jpeg 1536w, http:\/\/grundschule-am-papenberg.de\/wordpress\/wp-content\/uploads\/2025\/05\/IMG_8646-2048x1536.jpeg 2048w, http:\/\/grundschule-am-papenberg.de\/wordpress\/wp-content\/uploads\/2025\/05\/IMG_8646-307x230.jpeg 307w\" sizes=\"(max-width: 300px) 100vw, 300px\" \/>\n\t\t<div class=\"figc no-description\">\n\t\t\t<div class=\"figc-inner\">\n\t\t\t\t\t\t\t\t\t\t\t\t\t\t\t<\/div>\n\t\t<\/div>\n\n\t<\/div>\n\n<\/div><div class=\"modula-item effect-pufrobo\" >\n\t<div class=\"modula-item-overlay\"><\/div>\n\n\t<div class=\"modula-item-content\">\n\n\t\t\t\t\n\t\t\t\t\t<a data-image-id=\"5667\" tabindex=\"0\" rel=\"jtg-5664\" data-caption=\"\" aria-label=\"Open image in lightbox\" role=\"button\" class=\"tile-inner modula-item-link\"><\/a>\n\t\t\n\t\t<img class=\"pic wp-image-5667 lazyload\"  data-valign=\"middle\" data-halign=\"center\" alt=\"\" data-full=\"http:\/\/grundschule-am-papenberg.de\/wordpress\/wp-content\/uploads\/2025\/05\/IMG_8644.jpeg\" title=\"IMG_8644\" width=\"300\" height=\"225\" data-src=\"http:\/\/grundschule-am-papenberg.de\/wordpress\/wp-content\/uploads\/2025\/05\/IMG_8644-300x225.jpeg\" data-caption=\"\" data-source=\"modula\" data-srcset=\"http:\/\/grundschule-am-papenberg.de\/wordpress\/wp-content\/uploads\/2025\/05\/IMG_8644-scaled.jpeg 2560w, http:\/\/grundschule-am-papenberg.de\/wordpress\/wp-content\/uploads\/2025\/05\/IMG_8644-scaled-300x225.jpeg 300w, http:\/\/grundschule-am-papenberg.de\/wordpress\/wp-content\/uploads\/2025\/05\/IMG_8644-1024x768.jpeg 1024w, http:\/\/grundschule-am-papenberg.de\/wordpress\/wp-content\/uploads\/2025\/05\/IMG_8644-768x576.jpeg 768w, http:\/\/grundschule-am-papenberg.de\/wordpress\/wp-content\/uploads\/2025\/05\/IMG_8644-1536x1152.jpeg 1536w, http:\/\/grundschule-am-papenberg.de\/wordpress\/wp-content\/uploads\/2025\/05\/IMG_8644-2048x1536.jpeg 2048w, http:\/\/grundschule-am-papenberg.de\/wordpress\/wp-content\/uploads\/2025\/05\/IMG_8644-307x230.jpeg 307w\" data-sizes=\"(max-width: 300px) 100vw, 300px\" srcset=\"http:\/\/grundschule-am-papenberg.de\/wordpress\/wp-content\/uploads\/2025\/05\/IMG_8644-300x225.jpeg 300w, http:\/\/grundschule-am-papenberg.de\/wordpress\/wp-content\/uploads\/2025\/05\/IMG_8644-1024x768.jpeg 1024w, http:\/\/grundschule-am-papenberg.de\/wordpress\/wp-content\/uploads\/2025\/05\/IMG_8644-768x576.jpeg 768w, http:\/\/grundschule-am-papenberg.de\/wordpress\/wp-content\/uploads\/2025\/05\/IMG_8644-1536x1152.jpeg 1536w, http:\/\/grundschule-am-papenberg.de\/wordpress\/wp-content\/uploads\/2025\/05\/IMG_8644-2048x1536.jpeg 2048w, http:\/\/grundschule-am-papenberg.de\/wordpress\/wp-content\/uploads\/2025\/05\/IMG_8644-307x230.jpeg 307w\" sizes=\"(max-width: 300px) 100vw, 300px\" \/>\n\t\t<div class=\"figc no-description\">\n\t\t\t<div class=\"figc-inner\">\n\t\t\t\t\t\t\t\t\t\t\t\t\t\t\t<\/div>\n\t\t<\/div>\n\n\t<\/div>\n\n<\/div><div class=\"modula-item effect-pufrobo\" >\n\t<div class=\"modula-item-overlay\"><\/div>\n\n\t<div class=\"modula-item-content\">\n\n\t\t\t\t\n\t\t\t\t\t<a data-image-id=\"5634\" tabindex=\"0\" rel=\"jtg-5664\" data-caption=\"\" aria-label=\"Open image in lightbox\" role=\"button\" class=\"tile-inner modula-item-link\"><\/a>\n\t\t\n\t\t<img class=\"pic wp-image-5634 lazyload\"  data-valign=\"middle\" data-halign=\"center\" alt=\"\" data-full=\"http:\/\/grundschule-am-papenberg.de\/wordpress\/wp-content\/uploads\/2025\/05\/IMG_8651.jpeg\" title=\"IMG_8651\" width=\"300\" height=\"225\" data-src=\"http:\/\/grundschule-am-papenberg.de\/wordpress\/wp-content\/uploads\/2025\/05\/IMG_8651-300x225.jpeg\" data-caption=\"\" data-source=\"modula\" data-srcset=\"http:\/\/grundschule-am-papenberg.de\/wordpress\/wp-content\/uploads\/2025\/05\/IMG_8651-scaled.jpeg 2560w, http:\/\/grundschule-am-papenberg.de\/wordpress\/wp-content\/uploads\/2025\/05\/IMG_8651-scaled-300x225.jpeg 300w, http:\/\/grundschule-am-papenberg.de\/wordpress\/wp-content\/uploads\/2025\/05\/IMG_8651-1024x768.jpeg 1024w, http:\/\/grundschule-am-papenberg.de\/wordpress\/wp-content\/uploads\/2025\/05\/IMG_8651-768x576.jpeg 768w, http:\/\/grundschule-am-papenberg.de\/wordpress\/wp-content\/uploads\/2025\/05\/IMG_8651-1536x1152.jpeg 1536w, http:\/\/grundschule-am-papenberg.de\/wordpress\/wp-content\/uploads\/2025\/05\/IMG_8651-2048x1536.jpeg 2048w, http:\/\/grundschule-am-papenberg.de\/wordpress\/wp-content\/uploads\/2025\/05\/IMG_8651-307x230.jpeg 307w\" data-sizes=\"(max-width: 300px) 100vw, 300px\" srcset=\"http:\/\/grundschule-am-papenberg.de\/wordpress\/wp-content\/uploads\/2025\/05\/IMG_8651-300x225.jpeg 300w, http:\/\/grundschule-am-papenberg.de\/wordpress\/wp-content\/uploads\/2025\/05\/IMG_8651-1024x768.jpeg 1024w, http:\/\/grundschule-am-papenberg.de\/wordpress\/wp-content\/uploads\/2025\/05\/IMG_8651-768x576.jpeg 768w, http:\/\/grundschule-am-papenberg.de\/wordpress\/wp-content\/uploads\/2025\/05\/IMG_8651-1536x1152.jpeg 1536w, http:\/\/grundschule-am-papenberg.de\/wordpress\/wp-content\/uploads\/2025\/05\/IMG_8651-2048x1536.jpeg 2048w, http:\/\/grundschule-am-papenberg.de\/wordpress\/wp-content\/uploads\/2025\/05\/IMG_8651-307x230.jpeg 307w\" sizes=\"(max-width: 300px) 100vw, 300px\" \/>\n\t\t<div class=\"figc no-description\">\n\t\t\t<div class=\"figc-inner\">\n\t\t\t\t\t\t\t\t\t\t\t\t\t\t\t<\/div>\n\t\t<\/div>\n\n\t<\/div>\n\n<\/div>\t\t\n\t<\/div>\n\n\t\n\t\n\t<script type=\"application\/ld+json\">\n\t{\n\t\t\"@context\": \"http:\/\/schema.org\",\n\t\t\"@type\"   : \"ImageGallery\",\n\t\t\"id\"      : \"http:\/\/grundschule-am-papenberg.de\/?page_id=4538\/\",\n\t\t\"url\"     : \"http:\/\/grundschule-am-papenberg.de\/?page_id=4538\/\"\n\t}\n\n\t<\/script>\n\n\t\n<\/div>\n\n\n\n\n\n<p><\/p>\n\n\n\n<h2 class=\"wp-block-heading\">Unsere Klassenr\u00e4ume<\/h2>\n\n\n\n\n\n<p><\/p>\n\n\n<style>#jtg-5678 .modula-item .jtg-social a, .lightbox-socials.jtg-social a{ fill: #ffffff; color: #ffffff }#jtg-5678 .modula-item .jtg-social-mobile a{ fill: #ffffff; color: #ffffff }#jtg-5678 .modula-item .jtg-social svg, .lightbox-socials.jtg-social svg { height: 16px; width: 16px }#jtg-5678 .modula-item .jtg-social-mobile svg { height: 16px; width: 16px }#jtg-5678 .modula-item .jtg-social a:not(:last-child), .lightbox-socials.jtg-social a:not(:last-child) { margin-right: 10px }#jtg-5678 .modula-item .jtg-social-mobile .jtg-social-mobile-icons a:not(:last-child){ margin-right: 10px }#jtg-5678 .modula-item .figc {color:#ffffff;}#jtg-5678 .modula-item .figc .jtg-title {  font-size: 24px; }#jtg-5678 .modula-item .modula-item-content { transform: scale(1) }#jtg-5678 { width:100%;}#jtg-5678 .modula-items .figc p.description { font-size:16px; }#jtg-5678 .modula-items .figc p.description { color:#ffffff;}#jtg-5678 .modula-items .figc .jtg-title { color:#ffffff; }#jtg-5678.modula-gallery .modula-item > a, #jtg-5678.modula-gallery .modula-item, #jtg-5678.modula-gallery .modula-item-content > a:not(.modula-no-follow) { cursor:zoom-in; } #jtg-5678.modula-gallery .modula-item-content .modula-no-follow { cursor: default; } @media screen and (max-width:480px){#jtg-5678 .modula-item .figc .jtg-title {  font-size: 12px; }#jtg-5678 .modula-items .figc p.description { color:#ffffff;font-size:10px; }}<\/style>\n<div  id=\"jtg-5678\" class=\"modula modula-gallery modula-columns\" data-config=\"{&quot;tabletHeight&quot;:800,&quot;mobileHeight&quot;:800,&quot;desktopHeight&quot;:800,&quot;enableTwitter&quot;:false,&quot;enableWhatsapp&quot;:false,&quot;enableFacebook&quot;:false,&quot;enablePinterest&quot;:false,&quot;enableLinkedin&quot;:false,&quot;enableEmail&quot;:false,&quot;randomFactor&quot;:0.5,&quot;type&quot;:&quot;grid&quot;,&quot;columns&quot;:12,&quot;gutter&quot;:10,&quot;mobileGutter&quot;:10,&quot;tabletGutter&quot;:10,&quot;desktopGutter&quot;:10,&quot;enableResponsive&quot;:&quot;0&quot;,&quot;tabletColumns&quot;:2,&quot;mobileColumns&quot;:1,&quot;lazyLoad&quot;:true,&quot;lightboxOpts&quot;:{&quot;animated&quot;:true,&quot;Thumbs&quot;:{&quot;type&quot;:&quot;modern&quot;,&quot;showOnStart&quot;:false},&quot;Toolbar&quot;:{&quot;display&quot;:{&quot;right&quot;:[&quot;close&quot;]},&quot;enabled&quot;:true},&quot;Carousel&quot;:{&quot;Panzoom&quot;:{&quot;touch&quot;:false},&quot;infinite&quot;:false},&quot;keyboard&quot;:{&quot;Escape&quot;:&quot;close&quot;,&quot;Delete&quot;:&quot;close&quot;,&quot;Backspace&quot;:&quot;close&quot;,&quot;PageUp&quot;:false,&quot;PageDown&quot;:false,&quot;ArrowUp&quot;:false,&quot;ArrowDown&quot;:false,&quot;ArrowRight&quot;:false,&quot;ArrowLeft&quot;:false},&quot;touch&quot;:false,&quot;backdropClick&quot;:false,&quot;l10n&quot;:{&quot;CLOSE&quot;:&quot;Close&quot;,&quot;NEXT&quot;:&quot;Next&quot;,&quot;PREV&quot;:&quot;Previous&quot;,&quot;Error&quot;:&quot;The requested content cannot be loaded. Please try again later.&quot;,&quot;PLAY_START&quot;:&quot;Start slideshow&quot;,&quot;PLAY_STOP&quot;:&quot;Pause slideshow&quot;,&quot;FULL_SCREEN&quot;:&quot;Full screen&quot;,&quot;THUMBS&quot;:&quot;Thumbnails&quot;,&quot;DOWNLOAD&quot;:&quot;Download&quot;,&quot;SHARE&quot;:&quot;Share&quot;,&quot;ZOOM&quot;:&quot;Zoom&quot;,&quot;EMAIL&quot;:&quot;Here is the link to the image : %%image_link%% and this is the link to the gallery : %%gallery_link%%&quot;,&quot;MODAL&quot;:&quot;You can close this modal content with the ESC key&quot;,&quot;ERROR&quot;:&quot;Something Went Wrong, Please Try Again Later&quot;,&quot;IMAGE_ERROR&quot;:&quot;Image Not Found&quot;,&quot;ELEMENT_NOT_FOUND&quot;:&quot;HTML Element Not Found&quot;,&quot;AJAX_NOT_FOUND&quot;:&quot;Error Loading AJAX : Not Found&quot;,&quot;AJAX_FORBIDDEN&quot;:&quot;Error Loading AJAX : Forbidden&quot;,&quot;IFRAME_ERROR&quot;:&quot;Error Loading Page&quot;,&quot;TOGGLE_ZOOM&quot;:&quot;Toggle zoom level&quot;,&quot;TOGGLE_THUMBS&quot;:&quot;Toggle thumbnails&quot;,&quot;TOGGLE_SLIDESHOW&quot;:&quot;Toggle slideshow&quot;,&quot;TOGGLE_FULLSCREEN&quot;:&quot;Toggle full-screen mode&quot;},&quot;Images&quot;:{&quot;Panzoom&quot;:{&quot;maxScale&quot;:2}},&quot;mainClass&quot;:&quot;modula-fancybox-container modula-lightbox-jtg-5678&quot;,&quot;Html&quot;:{&quot;videoAutoplay&quot;:0,&quot;videoTpl&quot;:&quot;&lt;video class=\\&quot;fancybox__html5video\\&quot; controls muted playsinline controlsList controlsList=\\&quot;nodownload\\&quot; poster=\\&quot;{{poster}}\\&quot; src=\\&quot;{{src}}\\&quot; type=\\&quot;{{format}}\\&quot; &gt;  Sorry, your browser doesn&#039;t support embedded videos, &lt;a href=\\&quot;{{src}}\\&quot;&gt; download &lt;\\\/a&gt; and watch with your favorite video player! &lt;\\\/video&gt;&quot;}},&quot;inView&quot;:false,&quot;email_subject&quot;:&quot;Check out this awesome image !!&quot;,&quot;email_message&quot;:&quot;Here is the link to the image : %%image_link%% and this is the link to the gallery : %%gallery_link%%&quot;,&quot;grid_type&quot;:&quot;automatic&quot;,&quot;rowHeight&quot;:250,&quot;lastRow&quot;:&quot;justify&quot;,&quot;lightbox&quot;:&quot;fancybox&quot;}\">\n\n\t\n\t<div  class=\"modula-items grid-gallery\">\n\t\t<div class=\"modula-item effect-pufrobo\" >\n\t<div class=\"modula-item-overlay\"><\/div>\n\n\t<div class=\"modula-item-content\">\n\n\t\t\t\t\n\t\t\t\t\t<a data-image-id=\"5692\" tabindex=\"0\" rel=\"jtg-5678\" data-caption=\"Der Klassenraum einer 1. Klasse\" aria-label=\"Open image in lightbox\" role=\"button\" class=\"tile-inner modula-item-link\"><\/a>\n\t\t\n\t\t<img class=\"pic wp-image-5692 lazyload\"  data-valign=\"middle\" data-halign=\"center\" alt=\"\" data-full=\"http:\/\/grundschule-am-papenberg.de\/wordpress\/wp-content\/uploads\/2025\/05\/IMG_8545.jpeg\" title=\"Der Klassenraum einer 1. Klasse\" width=\"300\" height=\"225\" data-src=\"http:\/\/grundschule-am-papenberg.de\/wordpress\/wp-content\/uploads\/2025\/05\/IMG_8545-300x225.jpeg\" data-caption=\"Der Klassenraum einer 1. Klasse\" data-source=\"modula\" data-srcset=\"http:\/\/grundschule-am-papenberg.de\/wordpress\/wp-content\/uploads\/2025\/05\/IMG_8545-scaled.jpeg 2560w, http:\/\/grundschule-am-papenberg.de\/wordpress\/wp-content\/uploads\/2025\/05\/IMG_8545-scaled-300x225.jpeg 300w, http:\/\/grundschule-am-papenberg.de\/wordpress\/wp-content\/uploads\/2025\/05\/IMG_8545-1024x768.jpeg 1024w, http:\/\/grundschule-am-papenberg.de\/wordpress\/wp-content\/uploads\/2025\/05\/IMG_8545-768x576.jpeg 768w, http:\/\/grundschule-am-papenberg.de\/wordpress\/wp-content\/uploads\/2025\/05\/IMG_8545-1536x1152.jpeg 1536w, http:\/\/grundschule-am-papenberg.de\/wordpress\/wp-content\/uploads\/2025\/05\/IMG_8545-2048x1536.jpeg 2048w, http:\/\/grundschule-am-papenberg.de\/wordpress\/wp-content\/uploads\/2025\/05\/IMG_8545-307x230.jpeg 307w\" data-sizes=\"(max-width: 300px) 100vw, 300px\" srcset=\"http:\/\/grundschule-am-papenberg.de\/wordpress\/wp-content\/uploads\/2025\/05\/IMG_8545-300x225.jpeg 300w, http:\/\/grundschule-am-papenberg.de\/wordpress\/wp-content\/uploads\/2025\/05\/IMG_8545-1024x768.jpeg 1024w, http:\/\/grundschule-am-papenberg.de\/wordpress\/wp-content\/uploads\/2025\/05\/IMG_8545-768x576.jpeg 768w, http:\/\/grundschule-am-papenberg.de\/wordpress\/wp-content\/uploads\/2025\/05\/IMG_8545-1536x1152.jpeg 1536w, http:\/\/grundschule-am-papenberg.de\/wordpress\/wp-content\/uploads\/2025\/05\/IMG_8545-2048x1536.jpeg 2048w, http:\/\/grundschule-am-papenberg.de\/wordpress\/wp-content\/uploads\/2025\/05\/IMG_8545-307x230.jpeg 307w\" sizes=\"(max-width: 300px) 100vw, 300px\" \/>\n\t\t<div class=\"figc\">\n\t\t\t<div class=\"figc-inner\">\n\t\t\t\t\t\t\t\t\t\t\t\t\t<p class=\"description\">Der Klassenraum einer 1. Klasse<\/p>\n\t\t\t\t\t\t\t\t\t\t\t<\/div>\n\t\t<\/div>\n\n\t<\/div>\n\n<\/div><div class=\"modula-item effect-pufrobo\" >\n\t<div class=\"modula-item-overlay\"><\/div>\n\n\t<div class=\"modula-item-content\">\n\n\t\t\t\t\n\t\t\t\t\t<a data-image-id=\"5693\" tabindex=\"0\" rel=\"jtg-5678\" data-caption=\"Ausblick aus den R\u00e4umen der 1. Klassen\" aria-label=\"Open image in lightbox\" role=\"button\" class=\"tile-inner modula-item-link\"><\/a>\n\t\t\n\t\t<img class=\"pic wp-image-5693 lazyload\"  data-valign=\"middle\" data-halign=\"center\" alt=\"\" data-full=\"http:\/\/grundschule-am-papenberg.de\/wordpress\/wp-content\/uploads\/2025\/05\/IMG_8548.jpeg\" title=\"Ausblick aus den R\u00e4umen der 1. Klassen\" width=\"300\" height=\"225\" data-src=\"http:\/\/grundschule-am-papenberg.de\/wordpress\/wp-content\/uploads\/2025\/05\/IMG_8548-300x225.jpeg\" data-caption=\"Ausblick aus den R\u00e4umen der 1. Klassen\" data-source=\"modula\" data-srcset=\"http:\/\/grundschule-am-papenberg.de\/wordpress\/wp-content\/uploads\/2025\/05\/IMG_8548-scaled.jpeg 2560w, http:\/\/grundschule-am-papenberg.de\/wordpress\/wp-content\/uploads\/2025\/05\/IMG_8548-scaled-300x225.jpeg 300w, http:\/\/grundschule-am-papenberg.de\/wordpress\/wp-content\/uploads\/2025\/05\/IMG_8548-1024x768.jpeg 1024w, http:\/\/grundschule-am-papenberg.de\/wordpress\/wp-content\/uploads\/2025\/05\/IMG_8548-768x576.jpeg 768w, http:\/\/grundschule-am-papenberg.de\/wordpress\/wp-content\/uploads\/2025\/05\/IMG_8548-1536x1152.jpeg 1536w, http:\/\/grundschule-am-papenberg.de\/wordpress\/wp-content\/uploads\/2025\/05\/IMG_8548-2048x1536.jpeg 2048w, http:\/\/grundschule-am-papenberg.de\/wordpress\/wp-content\/uploads\/2025\/05\/IMG_8548-307x230.jpeg 307w\" data-sizes=\"(max-width: 300px) 100vw, 300px\" srcset=\"http:\/\/grundschule-am-papenberg.de\/wordpress\/wp-content\/uploads\/2025\/05\/IMG_8548-300x225.jpeg 300w, http:\/\/grundschule-am-papenberg.de\/wordpress\/wp-content\/uploads\/2025\/05\/IMG_8548-1024x768.jpeg 1024w, http:\/\/grundschule-am-papenberg.de\/wordpress\/wp-content\/uploads\/2025\/05\/IMG_8548-768x576.jpeg 768w, http:\/\/grundschule-am-papenberg.de\/wordpress\/wp-content\/uploads\/2025\/05\/IMG_8548-1536x1152.jpeg 1536w, http:\/\/grundschule-am-papenberg.de\/wordpress\/wp-content\/uploads\/2025\/05\/IMG_8548-2048x1536.jpeg 2048w, http:\/\/grundschule-am-papenberg.de\/wordpress\/wp-content\/uploads\/2025\/05\/IMG_8548-307x230.jpeg 307w\" sizes=\"(max-width: 300px) 100vw, 300px\" \/>\n\t\t<div class=\"figc\">\n\t\t\t<div class=\"figc-inner\">\n\t\t\t\t\t\t\t\t\t\t\t\t\t<p class=\"description\">Ausblick aus den R\u00e4umen der 1. Klassen<\/p>\n\t\t\t\t\t\t\t\t\t\t\t<\/div>\n\t\t<\/div>\n\n\t<\/div>\n\n<\/div><div class=\"modula-item effect-pufrobo\" >\n\t<div class=\"modula-item-overlay\"><\/div>\n\n\t<div class=\"modula-item-content\">\n\n\t\t\t\t\n\t\t\t\t\t<a data-image-id=\"5686\" tabindex=\"0\" rel=\"jtg-5678\" data-caption=\"\" aria-label=\"Open image in lightbox\" role=\"button\" class=\"tile-inner modula-item-link\"><\/a>\n\t\t\n\t\t<img class=\"pic wp-image-5686 lazyload\"  data-valign=\"middle\" data-halign=\"center\" alt=\"\" data-full=\"http:\/\/grundschule-am-papenberg.de\/wordpress\/wp-content\/uploads\/2025\/05\/IMG_8569.jpeg\" title=\"IMG_8569\" width=\"300\" height=\"225\" data-src=\"http:\/\/grundschule-am-papenberg.de\/wordpress\/wp-content\/uploads\/2025\/05\/IMG_8569-300x225.jpeg\" data-caption=\"\" data-source=\"modula\" data-srcset=\"http:\/\/grundschule-am-papenberg.de\/wordpress\/wp-content\/uploads\/2025\/05\/IMG_8569-scaled.jpeg 2560w, http:\/\/grundschule-am-papenberg.de\/wordpress\/wp-content\/uploads\/2025\/05\/IMG_8569-scaled-300x225.jpeg 300w, http:\/\/grundschule-am-papenberg.de\/wordpress\/wp-content\/uploads\/2025\/05\/IMG_8569-1024x768.jpeg 1024w, http:\/\/grundschule-am-papenberg.de\/wordpress\/wp-content\/uploads\/2025\/05\/IMG_8569-768x576.jpeg 768w, http:\/\/grundschule-am-papenberg.de\/wordpress\/wp-content\/uploads\/2025\/05\/IMG_8569-1536x1152.jpeg 1536w, http:\/\/grundschule-am-papenberg.de\/wordpress\/wp-content\/uploads\/2025\/05\/IMG_8569-2048x1536.jpeg 2048w, http:\/\/grundschule-am-papenberg.de\/wordpress\/wp-content\/uploads\/2025\/05\/IMG_8569-307x230.jpeg 307w\" data-sizes=\"(max-width: 300px) 100vw, 300px\" srcset=\"http:\/\/grundschule-am-papenberg.de\/wordpress\/wp-content\/uploads\/2025\/05\/IMG_8569-300x225.jpeg 300w, http:\/\/grundschule-am-papenberg.de\/wordpress\/wp-content\/uploads\/2025\/05\/IMG_8569-1024x768.jpeg 1024w, http:\/\/grundschule-am-papenberg.de\/wordpress\/wp-content\/uploads\/2025\/05\/IMG_8569-768x576.jpeg 768w, http:\/\/grundschule-am-papenberg.de\/wordpress\/wp-content\/uploads\/2025\/05\/IMG_8569-1536x1152.jpeg 1536w, http:\/\/grundschule-am-papenberg.de\/wordpress\/wp-content\/uploads\/2025\/05\/IMG_8569-2048x1536.jpeg 2048w, http:\/\/grundschule-am-papenberg.de\/wordpress\/wp-content\/uploads\/2025\/05\/IMG_8569-307x230.jpeg 307w\" sizes=\"(max-width: 300px) 100vw, 300px\" \/>\n\t\t<div class=\"figc no-description\">\n\t\t\t<div class=\"figc-inner\">\n\t\t\t\t\t\t\t\t\t\t\t\t\t\t\t<\/div>\n\t\t<\/div>\n\n\t<\/div>\n\n<\/div><div class=\"modula-item effect-pufrobo\" >\n\t<div class=\"modula-item-overlay\"><\/div>\n\n\t<div class=\"modula-item-content\">\n\n\t\t\t\t\n\t\t\t\t\t<a data-image-id=\"5718\" tabindex=\"0\" rel=\"jtg-5678\" data-caption=\"Klassenraum einer 2. Klasse\" aria-label=\"Open image in lightbox\" role=\"button\" class=\"tile-inner modula-item-link\"><\/a>\n\t\t\n\t\t<img class=\"pic wp-image-5718 lazyload\"  data-valign=\"middle\" data-halign=\"center\" alt=\"\" data-full=\"http:\/\/grundschule-am-papenberg.de\/wordpress\/wp-content\/uploads\/2025\/05\/IMG_8727.jpeg\" title=\"Klassenraum einer 2. Klasse\" width=\"300\" height=\"225\" data-src=\"http:\/\/grundschule-am-papenberg.de\/wordpress\/wp-content\/uploads\/2025\/05\/IMG_8727-300x225.jpeg\" data-caption=\"Klassenraum einer 2. Klasse\" data-source=\"modula\" data-srcset=\"http:\/\/grundschule-am-papenberg.de\/wordpress\/wp-content\/uploads\/2025\/05\/IMG_8727-scaled.jpeg 2560w, http:\/\/grundschule-am-papenberg.de\/wordpress\/wp-content\/uploads\/2025\/05\/IMG_8727-scaled-300x225.jpeg 300w, http:\/\/grundschule-am-papenberg.de\/wordpress\/wp-content\/uploads\/2025\/05\/IMG_8727-1024x768.jpeg 1024w, http:\/\/grundschule-am-papenberg.de\/wordpress\/wp-content\/uploads\/2025\/05\/IMG_8727-768x576.jpeg 768w, http:\/\/grundschule-am-papenberg.de\/wordpress\/wp-content\/uploads\/2025\/05\/IMG_8727-1536x1152.jpeg 1536w, http:\/\/grundschule-am-papenberg.de\/wordpress\/wp-content\/uploads\/2025\/05\/IMG_8727-2048x1536.jpeg 2048w, http:\/\/grundschule-am-papenberg.de\/wordpress\/wp-content\/uploads\/2025\/05\/IMG_8727-307x230.jpeg 307w\" data-sizes=\"(max-width: 300px) 100vw, 300px\" srcset=\"http:\/\/grundschule-am-papenberg.de\/wordpress\/wp-content\/uploads\/2025\/05\/IMG_8727-300x225.jpeg 300w, http:\/\/grundschule-am-papenberg.de\/wordpress\/wp-content\/uploads\/2025\/05\/IMG_8727-1024x768.jpeg 1024w, http:\/\/grundschule-am-papenberg.de\/wordpress\/wp-content\/uploads\/2025\/05\/IMG_8727-768x576.jpeg 768w, http:\/\/grundschule-am-papenberg.de\/wordpress\/wp-content\/uploads\/2025\/05\/IMG_8727-1536x1152.jpeg 1536w, http:\/\/grundschule-am-papenberg.de\/wordpress\/wp-content\/uploads\/2025\/05\/IMG_8727-2048x1536.jpeg 2048w, http:\/\/grundschule-am-papenberg.de\/wordpress\/wp-content\/uploads\/2025\/05\/IMG_8727-307x230.jpeg 307w\" sizes=\"(max-width: 300px) 100vw, 300px\" \/>\n\t\t<div class=\"figc\">\n\t\t\t<div class=\"figc-inner\">\n\t\t\t\t\t\t\t\t\t\t\t\t\t<p class=\"description\">Klassenraum einer 2. Klasse<\/p>\n\t\t\t\t\t\t\t\t\t\t\t<\/div>\n\t\t<\/div>\n\n\t<\/div>\n\n<\/div><div class=\"modula-item effect-pufrobo\" >\n\t<div class=\"modula-item-overlay\"><\/div>\n\n\t<div class=\"modula-item-content\">\n\n\t\t\t\t\n\t\t\t\t\t<a data-image-id=\"5721\" tabindex=\"0\" rel=\"jtg-5678\" data-caption=\"Die Leseraupen der 2. Klassen\" aria-label=\"Open image in lightbox\" role=\"button\" class=\"tile-inner modula-item-link\"><\/a>\n\t\t\n\t\t<img class=\"pic wp-image-5721 lazyload\"  data-valign=\"middle\" data-halign=\"center\" alt=\"\" data-full=\"http:\/\/grundschule-am-papenberg.de\/wordpress\/wp-content\/uploads\/2025\/05\/IMG_8736.jpeg\" title=\"Die Leseraupen der 2. Klassen\" width=\"300\" height=\"225\" data-src=\"http:\/\/grundschule-am-papenberg.de\/wordpress\/wp-content\/uploads\/2025\/05\/IMG_8736-300x225.jpeg\" data-caption=\"Die Leseraupen der 2. Klassen\" data-source=\"modula\" data-srcset=\"http:\/\/grundschule-am-papenberg.de\/wordpress\/wp-content\/uploads\/2025\/05\/IMG_8736-scaled.jpeg 2560w, http:\/\/grundschule-am-papenberg.de\/wordpress\/wp-content\/uploads\/2025\/05\/IMG_8736-scaled-300x225.jpeg 300w, http:\/\/grundschule-am-papenberg.de\/wordpress\/wp-content\/uploads\/2025\/05\/IMG_8736-1024x768.jpeg 1024w, http:\/\/grundschule-am-papenberg.de\/wordpress\/wp-content\/uploads\/2025\/05\/IMG_8736-768x576.jpeg 768w, http:\/\/grundschule-am-papenberg.de\/wordpress\/wp-content\/uploads\/2025\/05\/IMG_8736-1536x1152.jpeg 1536w, http:\/\/grundschule-am-papenberg.de\/wordpress\/wp-content\/uploads\/2025\/05\/IMG_8736-2048x1536.jpeg 2048w, http:\/\/grundschule-am-papenberg.de\/wordpress\/wp-content\/uploads\/2025\/05\/IMG_8736-307x230.jpeg 307w\" data-sizes=\"(max-width: 300px) 100vw, 300px\" srcset=\"http:\/\/grundschule-am-papenberg.de\/wordpress\/wp-content\/uploads\/2025\/05\/IMG_8736-300x225.jpeg 300w, http:\/\/grundschule-am-papenberg.de\/wordpress\/wp-content\/uploads\/2025\/05\/IMG_8736-1024x768.jpeg 1024w, http:\/\/grundschule-am-papenberg.de\/wordpress\/wp-content\/uploads\/2025\/05\/IMG_8736-768x576.jpeg 768w, http:\/\/grundschule-am-papenberg.de\/wordpress\/wp-content\/uploads\/2025\/05\/IMG_8736-1536x1152.jpeg 1536w, http:\/\/grundschule-am-papenberg.de\/wordpress\/wp-content\/uploads\/2025\/05\/IMG_8736-2048x1536.jpeg 2048w, http:\/\/grundschule-am-papenberg.de\/wordpress\/wp-content\/uploads\/2025\/05\/IMG_8736-307x230.jpeg 307w\" sizes=\"(max-width: 300px) 100vw, 300px\" \/>\n\t\t<div class=\"figc\">\n\t\t\t<div class=\"figc-inner\">\n\t\t\t\t\t\t\t\t\t\t\t\t\t<p class=\"description\">Die Leseraupen der 2. Klassen<\/p>\n\t\t\t\t\t\t\t\t\t\t\t<\/div>\n\t\t<\/div>\n\n\t<\/div>\n\n<\/div><div class=\"modula-item effect-pufrobo\" >\n\t<div class=\"modula-item-overlay\"><\/div>\n\n\t<div class=\"modula-item-content\">\n\n\t\t\t\t\n\t\t\t\t\t<a data-image-id=\"5720\" tabindex=\"0\" rel=\"jtg-5678\" data-caption=\"Spielerisches Lernen der Laute und Buchstaben \" aria-label=\"Open image in lightbox\" role=\"button\" class=\"tile-inner modula-item-link\"><\/a>\n\t\t\n\t\t<img class=\"pic wp-image-5720 lazyload\"  data-valign=\"middle\" data-halign=\"center\" alt=\"\" data-full=\"http:\/\/grundschule-am-papenberg.de\/wordpress\/wp-content\/uploads\/2025\/05\/IMG_8733.jpeg\" title=\"Spielerisches Lernen der Laute und Buchstaben\" width=\"300\" height=\"225\" data-src=\"http:\/\/grundschule-am-papenberg.de\/wordpress\/wp-content\/uploads\/2025\/05\/IMG_8733-300x225.jpeg\" data-caption=\"Spielerisches Lernen der Laute und Buchstaben \" data-source=\"modula\" data-srcset=\"http:\/\/grundschule-am-papenberg.de\/wordpress\/wp-content\/uploads\/2025\/05\/IMG_8733-scaled.jpeg 2560w, http:\/\/grundschule-am-papenberg.de\/wordpress\/wp-content\/uploads\/2025\/05\/IMG_8733-scaled-300x225.jpeg 300w, http:\/\/grundschule-am-papenberg.de\/wordpress\/wp-content\/uploads\/2025\/05\/IMG_8733-1024x768.jpeg 1024w, http:\/\/grundschule-am-papenberg.de\/wordpress\/wp-content\/uploads\/2025\/05\/IMG_8733-768x576.jpeg 768w, http:\/\/grundschule-am-papenberg.de\/wordpress\/wp-content\/uploads\/2025\/05\/IMG_8733-1536x1152.jpeg 1536w, http:\/\/grundschule-am-papenberg.de\/wordpress\/wp-content\/uploads\/2025\/05\/IMG_8733-2048x1536.jpeg 2048w, http:\/\/grundschule-am-papenberg.de\/wordpress\/wp-content\/uploads\/2025\/05\/IMG_8733-307x230.jpeg 307w\" data-sizes=\"(max-width: 300px) 100vw, 300px\" srcset=\"http:\/\/grundschule-am-papenberg.de\/wordpress\/wp-content\/uploads\/2025\/05\/IMG_8733-300x225.jpeg 300w, http:\/\/grundschule-am-papenberg.de\/wordpress\/wp-content\/uploads\/2025\/05\/IMG_8733-1024x768.jpeg 1024w, http:\/\/grundschule-am-papenberg.de\/wordpress\/wp-content\/uploads\/2025\/05\/IMG_8733-768x576.jpeg 768w, http:\/\/grundschule-am-papenberg.de\/wordpress\/wp-content\/uploads\/2025\/05\/IMG_8733-1536x1152.jpeg 1536w, http:\/\/grundschule-am-papenberg.de\/wordpress\/wp-content\/uploads\/2025\/05\/IMG_8733-2048x1536.jpeg 2048w, http:\/\/grundschule-am-papenberg.de\/wordpress\/wp-content\/uploads\/2025\/05\/IMG_8733-307x230.jpeg 307w\" sizes=\"(max-width: 300px) 100vw, 300px\" \/>\n\t\t<div class=\"figc\">\n\t\t\t<div class=\"figc-inner\">\n\t\t\t\t\t\t\t\t\t\t\t\t\t<p class=\"description\">Spielerisches Lernen der Laute und Buchstaben <\/p>\n\t\t\t\t\t\t\t\t\t\t\t<\/div>\n\t\t<\/div>\n\n\t<\/div>\n\n<\/div><div class=\"modula-item effect-pufrobo\" >\n\t<div class=\"modula-item-overlay\"><\/div>\n\n\t<div class=\"modula-item-content\">\n\n\t\t\t\t\n\t\t\t\t\t<a data-image-id=\"5719\" tabindex=\"0\" rel=\"jtg-5678\" data-caption=\"Der Buchstabenbaum einer 2. Klasse\" aria-label=\"Open image in lightbox\" role=\"button\" class=\"tile-inner modula-item-link\"><\/a>\n\t\t\n\t\t<img class=\"pic wp-image-5719 lazyload\"  data-valign=\"middle\" data-halign=\"center\" alt=\"\" data-full=\"http:\/\/grundschule-am-papenberg.de\/wordpress\/wp-content\/uploads\/2025\/05\/IMG_8731.jpeg\" title=\"Der Buchstabenbaum einer 2. Klasse\" width=\"300\" height=\"225\" data-src=\"http:\/\/grundschule-am-papenberg.de\/wordpress\/wp-content\/uploads\/2025\/05\/IMG_8731-300x225.jpeg\" data-caption=\"Der Buchstabenbaum einer 2. Klasse\" data-source=\"modula\" data-srcset=\"http:\/\/grundschule-am-papenberg.de\/wordpress\/wp-content\/uploads\/2025\/05\/IMG_8731-scaled.jpeg 2560w, http:\/\/grundschule-am-papenberg.de\/wordpress\/wp-content\/uploads\/2025\/05\/IMG_8731-scaled-300x225.jpeg 300w, http:\/\/grundschule-am-papenberg.de\/wordpress\/wp-content\/uploads\/2025\/05\/IMG_8731-1024x768.jpeg 1024w, http:\/\/grundschule-am-papenberg.de\/wordpress\/wp-content\/uploads\/2025\/05\/IMG_8731-768x576.jpeg 768w, http:\/\/grundschule-am-papenberg.de\/wordpress\/wp-content\/uploads\/2025\/05\/IMG_8731-1536x1152.jpeg 1536w, http:\/\/grundschule-am-papenberg.de\/wordpress\/wp-content\/uploads\/2025\/05\/IMG_8731-2048x1536.jpeg 2048w, http:\/\/grundschule-am-papenberg.de\/wordpress\/wp-content\/uploads\/2025\/05\/IMG_8731-307x230.jpeg 307w\" data-sizes=\"(max-width: 300px) 100vw, 300px\" srcset=\"http:\/\/grundschule-am-papenberg.de\/wordpress\/wp-content\/uploads\/2025\/05\/IMG_8731-300x225.jpeg 300w, http:\/\/grundschule-am-papenberg.de\/wordpress\/wp-content\/uploads\/2025\/05\/IMG_8731-1024x768.jpeg 1024w, http:\/\/grundschule-am-papenberg.de\/wordpress\/wp-content\/uploads\/2025\/05\/IMG_8731-768x576.jpeg 768w, http:\/\/grundschule-am-papenberg.de\/wordpress\/wp-content\/uploads\/2025\/05\/IMG_8731-1536x1152.jpeg 1536w, http:\/\/grundschule-am-papenberg.de\/wordpress\/wp-content\/uploads\/2025\/05\/IMG_8731-2048x1536.jpeg 2048w, http:\/\/grundschule-am-papenberg.de\/wordpress\/wp-content\/uploads\/2025\/05\/IMG_8731-307x230.jpeg 307w\" sizes=\"(max-width: 300px) 100vw, 300px\" \/>\n\t\t<div class=\"figc\">\n\t\t\t<div class=\"figc-inner\">\n\t\t\t\t\t\t\t\t\t\t\t\t\t<p class=\"description\">Der Buchstabenbaum einer 2. Klasse<\/p>\n\t\t\t\t\t\t\t\t\t\t\t<\/div>\n\t\t<\/div>\n\n\t<\/div>\n\n<\/div><div class=\"modula-item effect-pufrobo\" >\n\t<div class=\"modula-item-overlay\"><\/div>\n\n\t<div class=\"modula-item-content\">\n\n\t\t\t\t\n\t\t\t\t\t<a data-image-id=\"5722\" tabindex=\"0\" rel=\"jtg-5678\" data-caption=\"Der Ausblick aus den R\u00e4umen der 2. Klassen\" aria-label=\"Open image in lightbox\" role=\"button\" class=\"tile-inner modula-item-link\"><\/a>\n\t\t\n\t\t<img class=\"pic wp-image-5722 lazyload\"  data-valign=\"middle\" data-halign=\"center\" alt=\"\" data-full=\"http:\/\/grundschule-am-papenberg.de\/wordpress\/wp-content\/uploads\/2025\/05\/IMG_8741.jpeg\" title=\"Der Ausblick aus den R\u00e4umen der 2. Klassen\" width=\"300\" height=\"225\" data-src=\"http:\/\/grundschule-am-papenberg.de\/wordpress\/wp-content\/uploads\/2025\/05\/IMG_8741-300x225.jpeg\" data-caption=\"Der Ausblick aus den R\u00e4umen der 2. Klassen\" data-source=\"modula\" data-srcset=\"http:\/\/grundschule-am-papenberg.de\/wordpress\/wp-content\/uploads\/2025\/05\/IMG_8741-scaled.jpeg 2560w, http:\/\/grundschule-am-papenberg.de\/wordpress\/wp-content\/uploads\/2025\/05\/IMG_8741-scaled-300x225.jpeg 300w, http:\/\/grundschule-am-papenberg.de\/wordpress\/wp-content\/uploads\/2025\/05\/IMG_8741-1024x768.jpeg 1024w, http:\/\/grundschule-am-papenberg.de\/wordpress\/wp-content\/uploads\/2025\/05\/IMG_8741-768x576.jpeg 768w, http:\/\/grundschule-am-papenberg.de\/wordpress\/wp-content\/uploads\/2025\/05\/IMG_8741-1536x1152.jpeg 1536w, http:\/\/grundschule-am-papenberg.de\/wordpress\/wp-content\/uploads\/2025\/05\/IMG_8741-2048x1536.jpeg 2048w, http:\/\/grundschule-am-papenberg.de\/wordpress\/wp-content\/uploads\/2025\/05\/IMG_8741-307x230.jpeg 307w\" data-sizes=\"(max-width: 300px) 100vw, 300px\" srcset=\"http:\/\/grundschule-am-papenberg.de\/wordpress\/wp-content\/uploads\/2025\/05\/IMG_8741-300x225.jpeg 300w, http:\/\/grundschule-am-papenberg.de\/wordpress\/wp-content\/uploads\/2025\/05\/IMG_8741-1024x768.jpeg 1024w, http:\/\/grundschule-am-papenberg.de\/wordpress\/wp-content\/uploads\/2025\/05\/IMG_8741-768x576.jpeg 768w, http:\/\/grundschule-am-papenberg.de\/wordpress\/wp-content\/uploads\/2025\/05\/IMG_8741-1536x1152.jpeg 1536w, http:\/\/grundschule-am-papenberg.de\/wordpress\/wp-content\/uploads\/2025\/05\/IMG_8741-2048x1536.jpeg 2048w, http:\/\/grundschule-am-papenberg.de\/wordpress\/wp-content\/uploads\/2025\/05\/IMG_8741-307x230.jpeg 307w\" sizes=\"(max-width: 300px) 100vw, 300px\" \/>\n\t\t<div class=\"figc\">\n\t\t\t<div class=\"figc-inner\">\n\t\t\t\t\t\t\t\t\t\t\t\t\t<p class=\"description\">Der Ausblick aus den R\u00e4umen der 2. Klassen<\/p>\n\t\t\t\t\t\t\t\t\t\t\t<\/div>\n\t\t<\/div>\n\n\t<\/div>\n\n<\/div><div class=\"modula-item effect-pufrobo\" >\n\t<div class=\"modula-item-overlay\"><\/div>\n\n\t<div class=\"modula-item-content\">\n\n\t\t\t\t\n\t\t\t\t\t<a data-image-id=\"5723\" tabindex=\"0\" rel=\"jtg-5678\" data-caption=\"Kunstwerke aus den 2. Klassen\" aria-label=\"Open image in lightbox\" role=\"button\" class=\"tile-inner modula-item-link\"><\/a>\n\t\t\n\t\t<img class=\"pic wp-image-5723 lazyload\"  data-valign=\"middle\" data-halign=\"center\" alt=\"\" data-full=\"http:\/\/grundschule-am-papenberg.de\/wordpress\/wp-content\/uploads\/2025\/05\/IMG_8739.jpeg\" title=\"Kunstwerke aus den 2. Klassen\" width=\"300\" height=\"225\" data-src=\"http:\/\/grundschule-am-papenberg.de\/wordpress\/wp-content\/uploads\/2025\/05\/IMG_8739-300x225.jpeg\" data-caption=\"Kunstwerke aus den 2. Klassen\" data-source=\"modula\" data-srcset=\"http:\/\/grundschule-am-papenberg.de\/wordpress\/wp-content\/uploads\/2025\/05\/IMG_8739-scaled.jpeg 2560w, http:\/\/grundschule-am-papenberg.de\/wordpress\/wp-content\/uploads\/2025\/05\/IMG_8739-scaled-300x225.jpeg 300w, http:\/\/grundschule-am-papenberg.de\/wordpress\/wp-content\/uploads\/2025\/05\/IMG_8739-1024x768.jpeg 1024w, http:\/\/grundschule-am-papenberg.de\/wordpress\/wp-content\/uploads\/2025\/05\/IMG_8739-768x576.jpeg 768w, http:\/\/grundschule-am-papenberg.de\/wordpress\/wp-content\/uploads\/2025\/05\/IMG_8739-1536x1152.jpeg 1536w, http:\/\/grundschule-am-papenberg.de\/wordpress\/wp-content\/uploads\/2025\/05\/IMG_8739-2048x1536.jpeg 2048w, http:\/\/grundschule-am-papenberg.de\/wordpress\/wp-content\/uploads\/2025\/05\/IMG_8739-307x230.jpeg 307w\" data-sizes=\"(max-width: 300px) 100vw, 300px\" srcset=\"http:\/\/grundschule-am-papenberg.de\/wordpress\/wp-content\/uploads\/2025\/05\/IMG_8739-300x225.jpeg 300w, http:\/\/grundschule-am-papenberg.de\/wordpress\/wp-content\/uploads\/2025\/05\/IMG_8739-1024x768.jpeg 1024w, http:\/\/grundschule-am-papenberg.de\/wordpress\/wp-content\/uploads\/2025\/05\/IMG_8739-768x576.jpeg 768w, http:\/\/grundschule-am-papenberg.de\/wordpress\/wp-content\/uploads\/2025\/05\/IMG_8739-1536x1152.jpeg 1536w, http:\/\/grundschule-am-papenberg.de\/wordpress\/wp-content\/uploads\/2025\/05\/IMG_8739-2048x1536.jpeg 2048w, http:\/\/grundschule-am-papenberg.de\/wordpress\/wp-content\/uploads\/2025\/05\/IMG_8739-307x230.jpeg 307w\" sizes=\"(max-width: 300px) 100vw, 300px\" \/>\n\t\t<div class=\"figc\">\n\t\t\t<div class=\"figc-inner\">\n\t\t\t\t\t\t\t\t\t\t\t\t\t<p class=\"description\">Kunstwerke aus den 2. Klassen<\/p>\n\t\t\t\t\t\t\t\t\t\t\t<\/div>\n\t\t<\/div>\n\n\t<\/div>\n\n<\/div><div class=\"modula-item effect-pufrobo\" >\n\t<div class=\"modula-item-overlay\"><\/div>\n\n\t<div class=\"modula-item-content\">\n\n\t\t\t\t\n\t\t\t\t\t<a data-image-id=\"5620\" tabindex=\"0\" rel=\"jtg-5678\" data-caption=\"Klassenraum einer 3. Klasse\" aria-label=\"Open image in lightbox\" role=\"button\" class=\"tile-inner modula-item-link\"><\/a>\n\t\t\n\t\t<img class=\"pic wp-image-5620 lazyload\"  data-valign=\"middle\" data-halign=\"center\" alt=\"\" data-full=\"http:\/\/grundschule-am-papenberg.de\/wordpress\/wp-content\/uploads\/2025\/05\/IMG_8575.jpeg\" title=\"Klassenraum einer 3. Klasse\" width=\"300\" height=\"225\" data-src=\"http:\/\/grundschule-am-papenberg.de\/wordpress\/wp-content\/uploads\/2025\/05\/IMG_8575-300x225.jpeg\" data-caption=\"Klassenraum einer 3. Klasse\" data-source=\"modula\" data-srcset=\"http:\/\/grundschule-am-papenberg.de\/wordpress\/wp-content\/uploads\/2025\/05\/IMG_8575-scaled.jpeg 2560w, http:\/\/grundschule-am-papenberg.de\/wordpress\/wp-content\/uploads\/2025\/05\/IMG_8575-scaled-300x225.jpeg 300w, http:\/\/grundschule-am-papenberg.de\/wordpress\/wp-content\/uploads\/2025\/05\/IMG_8575-1024x768.jpeg 1024w, http:\/\/grundschule-am-papenberg.de\/wordpress\/wp-content\/uploads\/2025\/05\/IMG_8575-768x576.jpeg 768w, http:\/\/grundschule-am-papenberg.de\/wordpress\/wp-content\/uploads\/2025\/05\/IMG_8575-1536x1152.jpeg 1536w, http:\/\/grundschule-am-papenberg.de\/wordpress\/wp-content\/uploads\/2025\/05\/IMG_8575-2048x1536.jpeg 2048w, http:\/\/grundschule-am-papenberg.de\/wordpress\/wp-content\/uploads\/2025\/05\/IMG_8575-307x230.jpeg 307w\" data-sizes=\"(max-width: 300px) 100vw, 300px\" srcset=\"http:\/\/grundschule-am-papenberg.de\/wordpress\/wp-content\/uploads\/2025\/05\/IMG_8575-300x225.jpeg 300w, http:\/\/grundschule-am-papenberg.de\/wordpress\/wp-content\/uploads\/2025\/05\/IMG_8575-1024x768.jpeg 1024w, http:\/\/grundschule-am-papenberg.de\/wordpress\/wp-content\/uploads\/2025\/05\/IMG_8575-768x576.jpeg 768w, http:\/\/grundschule-am-papenberg.de\/wordpress\/wp-content\/uploads\/2025\/05\/IMG_8575-1536x1152.jpeg 1536w, http:\/\/grundschule-am-papenberg.de\/wordpress\/wp-content\/uploads\/2025\/05\/IMG_8575-2048x1536.jpeg 2048w, http:\/\/grundschule-am-papenberg.de\/wordpress\/wp-content\/uploads\/2025\/05\/IMG_8575-307x230.jpeg 307w\" sizes=\"(max-width: 300px) 100vw, 300px\" \/>\n\t\t<div class=\"figc\">\n\t\t\t<div class=\"figc-inner\">\n\t\t\t\t\t\t\t\t\t\t\t\t\t<p class=\"description\">Klassenraum einer 3. Klasse<\/p>\n\t\t\t\t\t\t\t\t\t\t\t<\/div>\n\t\t<\/div>\n\n\t<\/div>\n\n<\/div><div class=\"modula-item effect-pufrobo\" >\n\t<div class=\"modula-item-overlay\"><\/div>\n\n\t<div class=\"modula-item-content\">\n\n\t\t\t\t\n\t\t\t\t\t<a data-image-id=\"5681\" tabindex=\"0\" rel=\"jtg-5678\" data-caption=\"Klassenraum einer 3. Klasse\" aria-label=\"Open image in lightbox\" role=\"button\" class=\"tile-inner modula-item-link\"><\/a>\n\t\t\n\t\t<img class=\"pic wp-image-5681 lazyload\"  data-valign=\"middle\" data-halign=\"center\" alt=\"\" data-full=\"http:\/\/grundschule-am-papenberg.de\/wordpress\/wp-content\/uploads\/2025\/05\/IMG_8604.jpeg\" title=\"Klassenraum einer 3. Klasse\" width=\"300\" height=\"225\" data-src=\"http:\/\/grundschule-am-papenberg.de\/wordpress\/wp-content\/uploads\/2025\/05\/IMG_8604-300x225.jpeg\" data-caption=\"Klassenraum einer 3. Klasse\" data-source=\"modula\" data-srcset=\"http:\/\/grundschule-am-papenberg.de\/wordpress\/wp-content\/uploads\/2025\/05\/IMG_8604-scaled.jpeg 2560w, http:\/\/grundschule-am-papenberg.de\/wordpress\/wp-content\/uploads\/2025\/05\/IMG_8604-scaled-300x225.jpeg 300w, http:\/\/grundschule-am-papenberg.de\/wordpress\/wp-content\/uploads\/2025\/05\/IMG_8604-1024x768.jpeg 1024w, http:\/\/grundschule-am-papenberg.de\/wordpress\/wp-content\/uploads\/2025\/05\/IMG_8604-768x576.jpeg 768w, http:\/\/grundschule-am-papenberg.de\/wordpress\/wp-content\/uploads\/2025\/05\/IMG_8604-1536x1152.jpeg 1536w, http:\/\/grundschule-am-papenberg.de\/wordpress\/wp-content\/uploads\/2025\/05\/IMG_8604-2048x1536.jpeg 2048w, http:\/\/grundschule-am-papenberg.de\/wordpress\/wp-content\/uploads\/2025\/05\/IMG_8604-307x230.jpeg 307w\" data-sizes=\"(max-width: 300px) 100vw, 300px\" srcset=\"http:\/\/grundschule-am-papenberg.de\/wordpress\/wp-content\/uploads\/2025\/05\/IMG_8604-300x225.jpeg 300w, http:\/\/grundschule-am-papenberg.de\/wordpress\/wp-content\/uploads\/2025\/05\/IMG_8604-1024x768.jpeg 1024w, http:\/\/grundschule-am-papenberg.de\/wordpress\/wp-content\/uploads\/2025\/05\/IMG_8604-768x576.jpeg 768w, http:\/\/grundschule-am-papenberg.de\/wordpress\/wp-content\/uploads\/2025\/05\/IMG_8604-1536x1152.jpeg 1536w, http:\/\/grundschule-am-papenberg.de\/wordpress\/wp-content\/uploads\/2025\/05\/IMG_8604-2048x1536.jpeg 2048w, http:\/\/grundschule-am-papenberg.de\/wordpress\/wp-content\/uploads\/2025\/05\/IMG_8604-307x230.jpeg 307w\" sizes=\"(max-width: 300px) 100vw, 300px\" \/>\n\t\t<div class=\"figc\">\n\t\t\t<div class=\"figc-inner\">\n\t\t\t\t\t\t\t\t\t\t\t\t\t<p class=\"description\">Klassenraum einer 3. Klasse<\/p>\n\t\t\t\t\t\t\t\t\t\t\t<\/div>\n\t\t<\/div>\n\n\t<\/div>\n\n<\/div><div class=\"modula-item effect-pufrobo\" >\n\t<div class=\"modula-item-overlay\"><\/div>\n\n\t<div class=\"modula-item-content\">\n\n\t\t\t\t\n\t\t\t\t\t<a data-image-id=\"5679\" tabindex=\"0\" rel=\"jtg-5678\" data-caption=\"\" aria-label=\"Open image in lightbox\" role=\"button\" class=\"tile-inner modula-item-link\"><\/a>\n\t\t\n\t\t<img class=\"pic wp-image-5679 lazyload\"  data-valign=\"middle\" data-halign=\"center\" alt=\"\" data-full=\"http:\/\/grundschule-am-papenberg.de\/wordpress\/wp-content\/uploads\/2025\/05\/IMG_8624.jpeg\" title=\"IMG_8624\" width=\"300\" height=\"225\" data-src=\"http:\/\/grundschule-am-papenberg.de\/wordpress\/wp-content\/uploads\/2025\/05\/IMG_8624-300x225.jpeg\" data-caption=\"\" data-source=\"modula\" data-srcset=\"http:\/\/grundschule-am-papenberg.de\/wordpress\/wp-content\/uploads\/2025\/05\/IMG_8624-scaled.jpeg 2560w, http:\/\/grundschule-am-papenberg.de\/wordpress\/wp-content\/uploads\/2025\/05\/IMG_8624-scaled-300x225.jpeg 300w, http:\/\/grundschule-am-papenberg.de\/wordpress\/wp-content\/uploads\/2025\/05\/IMG_8624-1024x768.jpeg 1024w, http:\/\/grundschule-am-papenberg.de\/wordpress\/wp-content\/uploads\/2025\/05\/IMG_8624-768x576.jpeg 768w, http:\/\/grundschule-am-papenberg.de\/wordpress\/wp-content\/uploads\/2025\/05\/IMG_8624-1536x1152.jpeg 1536w, http:\/\/grundschule-am-papenberg.de\/wordpress\/wp-content\/uploads\/2025\/05\/IMG_8624-2048x1536.jpeg 2048w, http:\/\/grundschule-am-papenberg.de\/wordpress\/wp-content\/uploads\/2025\/05\/IMG_8624-307x230.jpeg 307w\" data-sizes=\"(max-width: 300px) 100vw, 300px\" srcset=\"http:\/\/grundschule-am-papenberg.de\/wordpress\/wp-content\/uploads\/2025\/05\/IMG_8624-300x225.jpeg 300w, http:\/\/grundschule-am-papenberg.de\/wordpress\/wp-content\/uploads\/2025\/05\/IMG_8624-1024x768.jpeg 1024w, http:\/\/grundschule-am-papenberg.de\/wordpress\/wp-content\/uploads\/2025\/05\/IMG_8624-768x576.jpeg 768w, http:\/\/grundschule-am-papenberg.de\/wordpress\/wp-content\/uploads\/2025\/05\/IMG_8624-1536x1152.jpeg 1536w, http:\/\/grundschule-am-papenberg.de\/wordpress\/wp-content\/uploads\/2025\/05\/IMG_8624-2048x1536.jpeg 2048w, http:\/\/grundschule-am-papenberg.de\/wordpress\/wp-content\/uploads\/2025\/05\/IMG_8624-307x230.jpeg 307w\" sizes=\"(max-width: 300px) 100vw, 300px\" \/>\n\t\t<div class=\"figc no-description\">\n\t\t\t<div class=\"figc-inner\">\n\t\t\t\t\t\t\t\t\t\t\t\t\t\t\t<\/div>\n\t\t<\/div>\n\n\t<\/div>\n\n<\/div><div class=\"modula-item effect-pufrobo\" >\n\t<div class=\"modula-item-overlay\"><\/div>\n\n\t<div class=\"modula-item-content\">\n\n\t\t\t\t\n\t\t\t\t\t<a data-image-id=\"5687\" tabindex=\"0\" rel=\"jtg-5678\" data-caption=\"\" aria-label=\"Open image in lightbox\" role=\"button\" class=\"tile-inner modula-item-link\"><\/a>\n\t\t\n\t\t<img class=\"pic wp-image-5687 lazyload\"  data-valign=\"middle\" data-halign=\"center\" alt=\"\" data-full=\"http:\/\/grundschule-am-papenberg.de\/wordpress\/wp-content\/uploads\/2025\/05\/IMG_8578.jpeg\" title=\"IMG_8578\" width=\"225\" height=\"300\" data-src=\"http:\/\/grundschule-am-papenberg.de\/wordpress\/wp-content\/uploads\/2025\/05\/IMG_8578-225x300.jpeg\" data-caption=\"\" data-source=\"modula\" data-srcset=\"http:\/\/grundschule-am-papenberg.de\/wordpress\/wp-content\/uploads\/2025\/05\/IMG_8578-scaled.jpeg 1920w, http:\/\/grundschule-am-papenberg.de\/wordpress\/wp-content\/uploads\/2025\/05\/IMG_8578-scaled-225x300.jpeg 225w, http:\/\/grundschule-am-papenberg.de\/wordpress\/wp-content\/uploads\/2025\/05\/IMG_8578-768x1024.jpeg 768w, http:\/\/grundschule-am-papenberg.de\/wordpress\/wp-content\/uploads\/2025\/05\/IMG_8578-1152x1536.jpeg 1152w, http:\/\/grundschule-am-papenberg.de\/wordpress\/wp-content\/uploads\/2025\/05\/IMG_8578-1536x2048.jpeg 1536w, http:\/\/grundschule-am-papenberg.de\/wordpress\/wp-content\/uploads\/2025\/05\/IMG_8578-173x230.jpeg 173w\" data-sizes=\"(max-width: 225px) 100vw, 225px\" srcset=\"http:\/\/grundschule-am-papenberg.de\/wordpress\/wp-content\/uploads\/2025\/05\/IMG_8578-225x300.jpeg 225w, http:\/\/grundschule-am-papenberg.de\/wordpress\/wp-content\/uploads\/2025\/05\/IMG_8578-768x1024.jpeg 768w, http:\/\/grundschule-am-papenberg.de\/wordpress\/wp-content\/uploads\/2025\/05\/IMG_8578-1152x1536.jpeg 1152w, http:\/\/grundschule-am-papenberg.de\/wordpress\/wp-content\/uploads\/2025\/05\/IMG_8578-1536x2048.jpeg 1536w, http:\/\/grundschule-am-papenberg.de\/wordpress\/wp-content\/uploads\/2025\/05\/IMG_8578-173x230.jpeg 173w, http:\/\/grundschule-am-papenberg.de\/wordpress\/wp-content\/uploads\/2025\/05\/IMG_8578-scaled.jpeg 1920w\" sizes=\"(max-width: 225px) 100vw, 225px\" \/>\n\t\t<div class=\"figc no-description\">\n\t\t\t<div class=\"figc-inner\">\n\t\t\t\t\t\t\t\t\t\t\t\t\t\t\t<\/div>\n\t\t<\/div>\n\n\t<\/div>\n\n<\/div><div class=\"modula-item effect-pufrobo\" >\n\t<div class=\"modula-item-overlay\"><\/div>\n\n\t<div class=\"modula-item-content\">\n\n\t\t\t\t\n\t\t\t\t\t<a data-image-id=\"5683\" tabindex=\"0\" rel=\"jtg-5678\" data-caption=\"Klassenraum einer 3. Klasse\" aria-label=\"Open image in lightbox\" role=\"button\" class=\"tile-inner modula-item-link\"><\/a>\n\t\t\n\t\t<img class=\"pic wp-image-5683 lazyload\"  data-valign=\"middle\" data-halign=\"center\" alt=\"\" data-full=\"http:\/\/grundschule-am-papenberg.de\/wordpress\/wp-content\/uploads\/2025\/05\/IMG_8581.jpeg\" title=\"Klassenraum einer 3. Klasse\" width=\"300\" height=\"225\" data-src=\"http:\/\/grundschule-am-papenberg.de\/wordpress\/wp-content\/uploads\/2025\/05\/IMG_8581-300x225.jpeg\" data-caption=\"Klassenraum einer 3. Klasse\" data-source=\"modula\" data-srcset=\"http:\/\/grundschule-am-papenberg.de\/wordpress\/wp-content\/uploads\/2025\/05\/IMG_8581-scaled.jpeg 2560w, http:\/\/grundschule-am-papenberg.de\/wordpress\/wp-content\/uploads\/2025\/05\/IMG_8581-scaled-300x225.jpeg 300w, http:\/\/grundschule-am-papenberg.de\/wordpress\/wp-content\/uploads\/2025\/05\/IMG_8581-1024x768.jpeg 1024w, http:\/\/grundschule-am-papenberg.de\/wordpress\/wp-content\/uploads\/2025\/05\/IMG_8581-768x576.jpeg 768w, http:\/\/grundschule-am-papenberg.de\/wordpress\/wp-content\/uploads\/2025\/05\/IMG_8581-1536x1152.jpeg 1536w, http:\/\/grundschule-am-papenberg.de\/wordpress\/wp-content\/uploads\/2025\/05\/IMG_8581-2048x1536.jpeg 2048w, http:\/\/grundschule-am-papenberg.de\/wordpress\/wp-content\/uploads\/2025\/05\/IMG_8581-307x230.jpeg 307w\" data-sizes=\"(max-width: 300px) 100vw, 300px\" srcset=\"http:\/\/grundschule-am-papenberg.de\/wordpress\/wp-content\/uploads\/2025\/05\/IMG_8581-300x225.jpeg 300w, http:\/\/grundschule-am-papenberg.de\/wordpress\/wp-content\/uploads\/2025\/05\/IMG_8581-1024x768.jpeg 1024w, http:\/\/grundschule-am-papenberg.de\/wordpress\/wp-content\/uploads\/2025\/05\/IMG_8581-768x576.jpeg 768w, http:\/\/grundschule-am-papenberg.de\/wordpress\/wp-content\/uploads\/2025\/05\/IMG_8581-1536x1152.jpeg 1536w, http:\/\/grundschule-am-papenberg.de\/wordpress\/wp-content\/uploads\/2025\/05\/IMG_8581-2048x1536.jpeg 2048w, http:\/\/grundschule-am-papenberg.de\/wordpress\/wp-content\/uploads\/2025\/05\/IMG_8581-307x230.jpeg 307w\" sizes=\"(max-width: 300px) 100vw, 300px\" \/>\n\t\t<div class=\"figc\">\n\t\t\t<div class=\"figc-inner\">\n\t\t\t\t\t\t\t\t\t\t\t\t\t<p class=\"description\">Klassenraum einer 3. Klasse<\/p>\n\t\t\t\t\t\t\t\t\t\t\t<\/div>\n\t\t<\/div>\n\n\t<\/div>\n\n<\/div><div class=\"modula-item effect-pufrobo\" >\n\t<div class=\"modula-item-overlay\"><\/div>\n\n\t<div class=\"modula-item-content\">\n\n\t\t\t\t\n\t\t\t\t\t<a data-image-id=\"5680\" tabindex=\"0\" rel=\"jtg-5678\" data-caption=\"Klassenraum einer 4. Klasse\" aria-label=\"Open image in lightbox\" role=\"button\" class=\"tile-inner modula-item-link\"><\/a>\n\t\t\n\t\t<img class=\"pic wp-image-5680 lazyload\"  data-valign=\"middle\" data-halign=\"center\" alt=\"\" data-full=\"http:\/\/grundschule-am-papenberg.de\/wordpress\/wp-content\/uploads\/2025\/05\/IMG_8620.jpeg\" title=\"Klassenraum einer 4. Klasse\" width=\"300\" height=\"225\" data-src=\"http:\/\/grundschule-am-papenberg.de\/wordpress\/wp-content\/uploads\/2025\/05\/IMG_8620-300x225.jpeg\" data-caption=\"Klassenraum einer 4. Klasse\" data-source=\"modula\" data-srcset=\"http:\/\/grundschule-am-papenberg.de\/wordpress\/wp-content\/uploads\/2025\/05\/IMG_8620-scaled.jpeg 2560w, http:\/\/grundschule-am-papenberg.de\/wordpress\/wp-content\/uploads\/2025\/05\/IMG_8620-scaled-300x225.jpeg 300w, http:\/\/grundschule-am-papenberg.de\/wordpress\/wp-content\/uploads\/2025\/05\/IMG_8620-1024x768.jpeg 1024w, http:\/\/grundschule-am-papenberg.de\/wordpress\/wp-content\/uploads\/2025\/05\/IMG_8620-768x576.jpeg 768w, http:\/\/grundschule-am-papenberg.de\/wordpress\/wp-content\/uploads\/2025\/05\/IMG_8620-1536x1152.jpeg 1536w, http:\/\/grundschule-am-papenberg.de\/wordpress\/wp-content\/uploads\/2025\/05\/IMG_8620-2048x1536.jpeg 2048w, http:\/\/grundschule-am-papenberg.de\/wordpress\/wp-content\/uploads\/2025\/05\/IMG_8620-307x230.jpeg 307w\" data-sizes=\"(max-width: 300px) 100vw, 300px\" srcset=\"http:\/\/grundschule-am-papenberg.de\/wordpress\/wp-content\/uploads\/2025\/05\/IMG_8620-300x225.jpeg 300w, http:\/\/grundschule-am-papenberg.de\/wordpress\/wp-content\/uploads\/2025\/05\/IMG_8620-1024x768.jpeg 1024w, http:\/\/grundschule-am-papenberg.de\/wordpress\/wp-content\/uploads\/2025\/05\/IMG_8620-768x576.jpeg 768w, http:\/\/grundschule-am-papenberg.de\/wordpress\/wp-content\/uploads\/2025\/05\/IMG_8620-1536x1152.jpeg 1536w, http:\/\/grundschule-am-papenberg.de\/wordpress\/wp-content\/uploads\/2025\/05\/IMG_8620-2048x1536.jpeg 2048w, http:\/\/grundschule-am-papenberg.de\/wordpress\/wp-content\/uploads\/2025\/05\/IMG_8620-307x230.jpeg 307w\" sizes=\"(max-width: 300px) 100vw, 300px\" \/>\n\t\t<div class=\"figc\">\n\t\t\t<div class=\"figc-inner\">\n\t\t\t\t\t\t\t\t\t\t\t\t\t<p class=\"description\">Klassenraum einer 4. Klasse<\/p>\n\t\t\t\t\t\t\t\t\t\t\t<\/div>\n\t\t<\/div>\n\n\t<\/div>\n\n<\/div>\t\t\n\t<\/div>\n\n\t\n\t\n\t<script type=\"application\/ld+json\">\n\t{\n\t\t\"@context\": \"http:\/\/schema.org\",\n\t\t\"@type\"   : \"ImageGallery\",\n\t\t\"id\"      : \"http:\/\/grundschule-am-papenberg.de\/?page_id=4538\/\",\n\t\t\"url\"     : \"http:\/\/grundschule-am-papenberg.de\/?page_id=4538\/\"\n\t}\n\n\t<\/script>\n\n\t\n<\/div>\n\n\n\n\n\n<p><\/p>\n\n\n\n\n\n<h2 class=\"wp-block-heading\">Unsere Fachr\u00e4ume<\/h2>\n\n\n\n\n\n<p><\/p>\n\n\n\n\n<style>#jtg-5696 .modula-item .jtg-social a, .lightbox-socials.jtg-social a{ fill: #ffffff; color: #ffffff }#jtg-5696 .modula-item .jtg-social-mobile a{ fill: #ffffff; color: #ffffff }#jtg-5696 .modula-item .jtg-social svg, .lightbox-socials.jtg-social svg { height: 16px; width: 16px }#jtg-5696 .modula-item .jtg-social-mobile svg { height: 16px; width: 16px }#jtg-5696 .modula-item .jtg-social a:not(:last-child), .lightbox-socials.jtg-social a:not(:last-child) { margin-right: 10px }#jtg-5696 .modula-item .jtg-social-mobile .jtg-social-mobile-icons a:not(:last-child){ margin-right: 10px }#jtg-5696 .modula-item .figc {color:#ffffff;}#jtg-5696 .modula-item .figc .jtg-title {  font-size: 24px; }#jtg-5696 .modula-item .modula-item-content { transform: scale(1) }#jtg-5696 { width:100%;}#jtg-5696 .modula-items .figc p.description { font-size:16px; }#jtg-5696 .modula-items .figc p.description { color:#ffffff;}#jtg-5696 .modula-items .figc .jtg-title { color:#ffffff; }#jtg-5696.modula-gallery .modula-item > a, #jtg-5696.modula-gallery .modula-item, #jtg-5696.modula-gallery .modula-item-content > a:not(.modula-no-follow) { cursor:zoom-in; } #jtg-5696.modula-gallery .modula-item-content .modula-no-follow { cursor: default; } @media screen and (max-width:480px){#jtg-5696 .modula-item .figc .jtg-title {  font-size: 12px; }#jtg-5696 .modula-items .figc p.description { color:#ffffff;font-size:10px; }}<\/style>\n<div  id=\"jtg-5696\" class=\"modula modula-gallery modula-columns\" data-config=\"{&quot;tabletHeight&quot;:800,&quot;mobileHeight&quot;:800,&quot;desktopHeight&quot;:800,&quot;enableTwitter&quot;:false,&quot;enableWhatsapp&quot;:false,&quot;enableFacebook&quot;:false,&quot;enablePinterest&quot;:false,&quot;enableLinkedin&quot;:false,&quot;enableEmail&quot;:false,&quot;randomFactor&quot;:0.5,&quot;type&quot;:&quot;grid&quot;,&quot;columns&quot;:12,&quot;gutter&quot;:10,&quot;mobileGutter&quot;:10,&quot;tabletGutter&quot;:10,&quot;desktopGutter&quot;:10,&quot;enableResponsive&quot;:&quot;0&quot;,&quot;tabletColumns&quot;:2,&quot;mobileColumns&quot;:1,&quot;lazyLoad&quot;:true,&quot;lightboxOpts&quot;:{&quot;animated&quot;:true,&quot;Thumbs&quot;:{&quot;type&quot;:&quot;modern&quot;,&quot;showOnStart&quot;:false},&quot;Toolbar&quot;:{&quot;display&quot;:{&quot;right&quot;:[&quot;close&quot;]},&quot;enabled&quot;:true},&quot;Carousel&quot;:{&quot;Panzoom&quot;:{&quot;touch&quot;:false},&quot;infinite&quot;:false},&quot;keyboard&quot;:{&quot;Escape&quot;:&quot;close&quot;,&quot;Delete&quot;:&quot;close&quot;,&quot;Backspace&quot;:&quot;close&quot;,&quot;PageUp&quot;:false,&quot;PageDown&quot;:false,&quot;ArrowUp&quot;:false,&quot;ArrowDown&quot;:false,&quot;ArrowRight&quot;:false,&quot;ArrowLeft&quot;:false},&quot;touch&quot;:false,&quot;backdropClick&quot;:false,&quot;l10n&quot;:{&quot;CLOSE&quot;:&quot;Close&quot;,&quot;NEXT&quot;:&quot;Next&quot;,&quot;PREV&quot;:&quot;Previous&quot;,&quot;Error&quot;:&quot;The requested content cannot be loaded. Please try again later.&quot;,&quot;PLAY_START&quot;:&quot;Start slideshow&quot;,&quot;PLAY_STOP&quot;:&quot;Pause slideshow&quot;,&quot;FULL_SCREEN&quot;:&quot;Full screen&quot;,&quot;THUMBS&quot;:&quot;Thumbnails&quot;,&quot;DOWNLOAD&quot;:&quot;Download&quot;,&quot;SHARE&quot;:&quot;Share&quot;,&quot;ZOOM&quot;:&quot;Zoom&quot;,&quot;EMAIL&quot;:&quot;Here is the link to the image : %%image_link%% and this is the link to the gallery : %%gallery_link%%&quot;,&quot;MODAL&quot;:&quot;You can close this modal content with the ESC key&quot;,&quot;ERROR&quot;:&quot;Something Went Wrong, Please Try Again Later&quot;,&quot;IMAGE_ERROR&quot;:&quot;Image Not Found&quot;,&quot;ELEMENT_NOT_FOUND&quot;:&quot;HTML Element Not Found&quot;,&quot;AJAX_NOT_FOUND&quot;:&quot;Error Loading AJAX : Not Found&quot;,&quot;AJAX_FORBIDDEN&quot;:&quot;Error Loading AJAX : Forbidden&quot;,&quot;IFRAME_ERROR&quot;:&quot;Error Loading Page&quot;,&quot;TOGGLE_ZOOM&quot;:&quot;Toggle zoom level&quot;,&quot;TOGGLE_THUMBS&quot;:&quot;Toggle thumbnails&quot;,&quot;TOGGLE_SLIDESHOW&quot;:&quot;Toggle slideshow&quot;,&quot;TOGGLE_FULLSCREEN&quot;:&quot;Toggle full-screen mode&quot;},&quot;Images&quot;:{&quot;Panzoom&quot;:{&quot;maxScale&quot;:2}},&quot;mainClass&quot;:&quot;modula-fancybox-container modula-lightbox-jtg-5696&quot;,&quot;Html&quot;:{&quot;videoAutoplay&quot;:0,&quot;videoTpl&quot;:&quot;&lt;video class=\\&quot;fancybox__html5video\\&quot; controls muted playsinline controlsList controlsList=\\&quot;nodownload\\&quot; poster=\\&quot;{{poster}}\\&quot; src=\\&quot;{{src}}\\&quot; type=\\&quot;{{format}}\\&quot; &gt;  Sorry, your browser doesn&#039;t support embedded videos, &lt;a href=\\&quot;{{src}}\\&quot;&gt; download &lt;\\\/a&gt; and watch with your favorite video player! &lt;\\\/video&gt;&quot;}},&quot;inView&quot;:false,&quot;email_subject&quot;:&quot;Check out this awesome image !!&quot;,&quot;email_message&quot;:&quot;Here is the link to the image : %%image_link%% and this is the link to the gallery : %%gallery_link%%&quot;,&quot;grid_type&quot;:&quot;automatic&quot;,&quot;rowHeight&quot;:250,&quot;lastRow&quot;:&quot;justify&quot;,&quot;lightbox&quot;:&quot;fancybox&quot;}\">\n\n\t\n\t<div  class=\"modula-items grid-gallery\">\n\t\t<div class=\"modula-item effect-pufrobo\" >\n\t<div class=\"modula-item-overlay\"><\/div>\n\n\t<div class=\"modula-item-content\">\n\n\t\t\t\t\n\t\t\t\t\t<a data-image-id=\"5697\" tabindex=\"0\" rel=\"jtg-5696\" data-caption=\"Unser Werkraum\" aria-label=\"Open image in lightbox\" role=\"button\" class=\"tile-inner modula-item-link\"><\/a>\n\t\t\n\t\t<img class=\"pic wp-image-5697 lazyload\"  data-valign=\"middle\" data-halign=\"center\" alt=\"\" data-full=\"http:\/\/grundschule-am-papenberg.de\/wordpress\/wp-content\/uploads\/2025\/05\/IMG_8695-1.jpeg\" title=\"Unser Werkraum\" width=\"300\" height=\"225\" data-src=\"http:\/\/grundschule-am-papenberg.de\/wordpress\/wp-content\/uploads\/2025\/05\/IMG_8695-1-300x225.jpeg\" data-caption=\"Unser Werkraum\" data-source=\"modula\" data-srcset=\"http:\/\/grundschule-am-papenberg.de\/wordpress\/wp-content\/uploads\/2025\/05\/IMG_8695-1-scaled.jpeg 2560w, http:\/\/grundschule-am-papenberg.de\/wordpress\/wp-content\/uploads\/2025\/05\/IMG_8695-1-scaled-300x225.jpeg 300w, http:\/\/grundschule-am-papenberg.de\/wordpress\/wp-content\/uploads\/2025\/05\/IMG_8695-1-1024x768.jpeg 1024w, http:\/\/grundschule-am-papenberg.de\/wordpress\/wp-content\/uploads\/2025\/05\/IMG_8695-1-768x576.jpeg 768w, http:\/\/grundschule-am-papenberg.de\/wordpress\/wp-content\/uploads\/2025\/05\/IMG_8695-1-1536x1152.jpeg 1536w, http:\/\/grundschule-am-papenberg.de\/wordpress\/wp-content\/uploads\/2025\/05\/IMG_8695-1-2048x1536.jpeg 2048w, http:\/\/grundschule-am-papenberg.de\/wordpress\/wp-content\/uploads\/2025\/05\/IMG_8695-1-307x230.jpeg 307w\" data-sizes=\"(max-width: 300px) 100vw, 300px\" srcset=\"http:\/\/grundschule-am-papenberg.de\/wordpress\/wp-content\/uploads\/2025\/05\/IMG_8695-1-300x225.jpeg 300w, http:\/\/grundschule-am-papenberg.de\/wordpress\/wp-content\/uploads\/2025\/05\/IMG_8695-1-1024x768.jpeg 1024w, http:\/\/grundschule-am-papenberg.de\/wordpress\/wp-content\/uploads\/2025\/05\/IMG_8695-1-768x576.jpeg 768w, http:\/\/grundschule-am-papenberg.de\/wordpress\/wp-content\/uploads\/2025\/05\/IMG_8695-1-1536x1152.jpeg 1536w, http:\/\/grundschule-am-papenberg.de\/wordpress\/wp-content\/uploads\/2025\/05\/IMG_8695-1-2048x1536.jpeg 2048w, http:\/\/grundschule-am-papenberg.de\/wordpress\/wp-content\/uploads\/2025\/05\/IMG_8695-1-307x230.jpeg 307w\" sizes=\"(max-width: 300px) 100vw, 300px\" \/>\n\t\t<div class=\"figc\">\n\t\t\t<div class=\"figc-inner\">\n\t\t\t\t\t\t\t\t\t\t\t\t\t<p class=\"description\">Unser Werkraum<\/p>\n\t\t\t\t\t\t\t\t\t\t\t<\/div>\n\t\t<\/div>\n\n\t<\/div>\n\n<\/div><div class=\"modula-item effect-pufrobo\" >\n\t<div class=\"modula-item-overlay\"><\/div>\n\n\t<div class=\"modula-item-content\">\n\n\t\t\t\t\n\t\t\t\t\t<a data-image-id=\"5698\" tabindex=\"0\" rel=\"jtg-5696\" data-caption=\"Metallbau im Werkunterricht\" aria-label=\"Open image in lightbox\" role=\"button\" class=\"tile-inner modula-item-link\"><\/a>\n\t\t\n\t\t<img class=\"pic wp-image-5698 lazyload\"  data-valign=\"middle\" data-halign=\"center\" alt=\"\" data-full=\"http:\/\/grundschule-am-papenberg.de\/wordpress\/wp-content\/uploads\/2025\/05\/IMG_8697.jpeg\" title=\"Metallbau im Werkunterricht\" width=\"300\" height=\"225\" data-src=\"http:\/\/grundschule-am-papenberg.de\/wordpress\/wp-content\/uploads\/2025\/05\/IMG_8697-300x225.jpeg\" data-caption=\"Metallbau im Werkunterricht\" data-source=\"modula\" data-srcset=\"http:\/\/grundschule-am-papenberg.de\/wordpress\/wp-content\/uploads\/2025\/05\/IMG_8697-scaled.jpeg 2560w, http:\/\/grundschule-am-papenberg.de\/wordpress\/wp-content\/uploads\/2025\/05\/IMG_8697-scaled-300x225.jpeg 300w, http:\/\/grundschule-am-papenberg.de\/wordpress\/wp-content\/uploads\/2025\/05\/IMG_8697-1024x768.jpeg 1024w, http:\/\/grundschule-am-papenberg.de\/wordpress\/wp-content\/uploads\/2025\/05\/IMG_8697-768x576.jpeg 768w, http:\/\/grundschule-am-papenberg.de\/wordpress\/wp-content\/uploads\/2025\/05\/IMG_8697-1536x1152.jpeg 1536w, http:\/\/grundschule-am-papenberg.de\/wordpress\/wp-content\/uploads\/2025\/05\/IMG_8697-2048x1536.jpeg 2048w, http:\/\/grundschule-am-papenberg.de\/wordpress\/wp-content\/uploads\/2025\/05\/IMG_8697-307x230.jpeg 307w\" data-sizes=\"(max-width: 300px) 100vw, 300px\" srcset=\"http:\/\/grundschule-am-papenberg.de\/wordpress\/wp-content\/uploads\/2025\/05\/IMG_8697-300x225.jpeg 300w, http:\/\/grundschule-am-papenberg.de\/wordpress\/wp-content\/uploads\/2025\/05\/IMG_8697-1024x768.jpeg 1024w, http:\/\/grundschule-am-papenberg.de\/wordpress\/wp-content\/uploads\/2025\/05\/IMG_8697-768x576.jpeg 768w, http:\/\/grundschule-am-papenberg.de\/wordpress\/wp-content\/uploads\/2025\/05\/IMG_8697-1536x1152.jpeg 1536w, http:\/\/grundschule-am-papenberg.de\/wordpress\/wp-content\/uploads\/2025\/05\/IMG_8697-2048x1536.jpeg 2048w, http:\/\/grundschule-am-papenberg.de\/wordpress\/wp-content\/uploads\/2025\/05\/IMG_8697-307x230.jpeg 307w\" sizes=\"(max-width: 300px) 100vw, 300px\" \/>\n\t\t<div class=\"figc\">\n\t\t\t<div class=\"figc-inner\">\n\t\t\t\t\t\t\t\t\t\t\t\t\t<p class=\"description\">Metallbau im Werkunterricht<\/p>\n\t\t\t\t\t\t\t\t\t\t\t<\/div>\n\t\t<\/div>\n\n\t<\/div>\n\n<\/div><div class=\"modula-item effect-pufrobo\" >\n\t<div class=\"modula-item-overlay\"><\/div>\n\n\t<div class=\"modula-item-content\">\n\n\t\t\t\t\n\t\t\t\t\t<a data-image-id=\"5712\" tabindex=\"0\" rel=\"jtg-5696\" data-caption=\"Der Musikraum\" aria-label=\"Open image in lightbox\" role=\"button\" class=\"tile-inner modula-item-link\"><\/a>\n\t\t\n\t\t<img class=\"pic wp-image-5712 lazyload\"  data-valign=\"middle\" data-halign=\"center\" alt=\"\" data-full=\"http:\/\/grundschule-am-papenberg.de\/wordpress\/wp-content\/uploads\/2025\/05\/IMG_8711.jpeg\" title=\"Der Musikraum\" width=\"300\" height=\"225\" data-src=\"http:\/\/grundschule-am-papenberg.de\/wordpress\/wp-content\/uploads\/2025\/05\/IMG_8711-300x225.jpeg\" data-caption=\"Der Musikraum\" data-source=\"modula\" data-srcset=\"http:\/\/grundschule-am-papenberg.de\/wordpress\/wp-content\/uploads\/2025\/05\/IMG_8711-scaled.jpeg 2560w, http:\/\/grundschule-am-papenberg.de\/wordpress\/wp-content\/uploads\/2025\/05\/IMG_8711-scaled-300x225.jpeg 300w, http:\/\/grundschule-am-papenberg.de\/wordpress\/wp-content\/uploads\/2025\/05\/IMG_8711-1024x768.jpeg 1024w, http:\/\/grundschule-am-papenberg.de\/wordpress\/wp-content\/uploads\/2025\/05\/IMG_8711-768x576.jpeg 768w, http:\/\/grundschule-am-papenberg.de\/wordpress\/wp-content\/uploads\/2025\/05\/IMG_8711-1536x1152.jpeg 1536w, http:\/\/grundschule-am-papenberg.de\/wordpress\/wp-content\/uploads\/2025\/05\/IMG_8711-2048x1536.jpeg 2048w, http:\/\/grundschule-am-papenberg.de\/wordpress\/wp-content\/uploads\/2025\/05\/IMG_8711-307x230.jpeg 307w\" data-sizes=\"(max-width: 300px) 100vw, 300px\" srcset=\"http:\/\/grundschule-am-papenberg.de\/wordpress\/wp-content\/uploads\/2025\/05\/IMG_8711-300x225.jpeg 300w, http:\/\/grundschule-am-papenberg.de\/wordpress\/wp-content\/uploads\/2025\/05\/IMG_8711-1024x768.jpeg 1024w, http:\/\/grundschule-am-papenberg.de\/wordpress\/wp-content\/uploads\/2025\/05\/IMG_8711-768x576.jpeg 768w, http:\/\/grundschule-am-papenberg.de\/wordpress\/wp-content\/uploads\/2025\/05\/IMG_8711-1536x1152.jpeg 1536w, http:\/\/grundschule-am-papenberg.de\/wordpress\/wp-content\/uploads\/2025\/05\/IMG_8711-2048x1536.jpeg 2048w, http:\/\/grundschule-am-papenberg.de\/wordpress\/wp-content\/uploads\/2025\/05\/IMG_8711-307x230.jpeg 307w\" sizes=\"(max-width: 300px) 100vw, 300px\" \/>\n\t\t<div class=\"figc\">\n\t\t\t<div class=\"figc-inner\">\n\t\t\t\t\t\t\t\t\t\t\t\t\t<p class=\"description\">Der Musikraum<\/p>\n\t\t\t\t\t\t\t\t\t\t\t<\/div>\n\t\t<\/div>\n\n\t<\/div>\n\n<\/div><div class=\"modula-item effect-pufrobo\" >\n\t<div class=\"modula-item-overlay\"><\/div>\n\n\t<div class=\"modula-item-content\">\n\n\t\t\t\t\n\t\t\t\t\t<a data-image-id=\"5700\" tabindex=\"0\" rel=\"jtg-5696\" data-caption=\"Der Musikraum bietet viele M\u00f6glichkeiten zum Erleben der Instrumente\" aria-label=\"Open image in lightbox\" role=\"button\" class=\"tile-inner modula-item-link\"><\/a>\n\t\t\n\t\t<img class=\"pic wp-image-5700 lazyload\"  data-valign=\"middle\" data-halign=\"center\" alt=\"\" data-full=\"http:\/\/grundschule-am-papenberg.de\/wordpress\/wp-content\/uploads\/2025\/05\/IMG_8717.jpeg\" title=\"Der Musikraum bietet viele M\u00f6glichkeiten zum Erleben der Instrumente\" width=\"300\" height=\"225\" data-src=\"http:\/\/grundschule-am-papenberg.de\/wordpress\/wp-content\/uploads\/2025\/05\/IMG_8717-300x225.jpeg\" data-caption=\"Der Musikraum bietet viele M\u00f6glichkeiten zum Erleben der Instrumente\" data-source=\"modula\" data-srcset=\"http:\/\/grundschule-am-papenberg.de\/wordpress\/wp-content\/uploads\/2025\/05\/IMG_8717-scaled.jpeg 2560w, http:\/\/grundschule-am-papenberg.de\/wordpress\/wp-content\/uploads\/2025\/05\/IMG_8717-scaled-300x225.jpeg 300w, http:\/\/grundschule-am-papenberg.de\/wordpress\/wp-content\/uploads\/2025\/05\/IMG_8717-1024x768.jpeg 1024w, http:\/\/grundschule-am-papenberg.de\/wordpress\/wp-content\/uploads\/2025\/05\/IMG_8717-768x576.jpeg 768w, http:\/\/grundschule-am-papenberg.de\/wordpress\/wp-content\/uploads\/2025\/05\/IMG_8717-1536x1152.jpeg 1536w, http:\/\/grundschule-am-papenberg.de\/wordpress\/wp-content\/uploads\/2025\/05\/IMG_8717-2048x1536.jpeg 2048w, http:\/\/grundschule-am-papenberg.de\/wordpress\/wp-content\/uploads\/2025\/05\/IMG_8717-307x230.jpeg 307w\" data-sizes=\"(max-width: 300px) 100vw, 300px\" srcset=\"http:\/\/grundschule-am-papenberg.de\/wordpress\/wp-content\/uploads\/2025\/05\/IMG_8717-300x225.jpeg 300w, http:\/\/grundschule-am-papenberg.de\/wordpress\/wp-content\/uploads\/2025\/05\/IMG_8717-1024x768.jpeg 1024w, http:\/\/grundschule-am-papenberg.de\/wordpress\/wp-content\/uploads\/2025\/05\/IMG_8717-768x576.jpeg 768w, http:\/\/grundschule-am-papenberg.de\/wordpress\/wp-content\/uploads\/2025\/05\/IMG_8717-1536x1152.jpeg 1536w, http:\/\/grundschule-am-papenberg.de\/wordpress\/wp-content\/uploads\/2025\/05\/IMG_8717-2048x1536.jpeg 2048w, http:\/\/grundschule-am-papenberg.de\/wordpress\/wp-content\/uploads\/2025\/05\/IMG_8717-307x230.jpeg 307w\" sizes=\"(max-width: 300px) 100vw, 300px\" \/>\n\t\t<div class=\"figc\">\n\t\t\t<div class=\"figc-inner\">\n\t\t\t\t\t\t\t\t\t\t\t\t\t<p class=\"description\">Der Musikraum bietet viele M\u00f6glichkeiten zum Erleben der Instrumente<\/p>\n\t\t\t\t\t\t\t\t\t\t\t<\/div>\n\t\t<\/div>\n\n\t<\/div>\n\n<\/div><div class=\"modula-item effect-pufrobo\" >\n\t<div class=\"modula-item-overlay\"><\/div>\n\n\t<div class=\"modula-item-content\">\n\n\t\t\t\t\n\t\t\t\t\t<a data-image-id=\"5701\" tabindex=\"0\" rel=\"jtg-5696\" data-caption=\"Der Musikraum bietet viele M\u00f6glichkeiten zum Erleben der Instrumente\" aria-label=\"Open image in lightbox\" role=\"button\" class=\"tile-inner modula-item-link\"><\/a>\n\t\t\n\t\t<img class=\"pic wp-image-5701 lazyload\"  data-valign=\"middle\" data-halign=\"center\" alt=\"\" data-full=\"http:\/\/grundschule-am-papenberg.de\/wordpress\/wp-content\/uploads\/2025\/05\/IMG_8709.jpeg\" title=\"Der Musikraum bietet viele M\u00f6glichkeiten zum Erleben der Instrumente\" width=\"300\" height=\"225\" data-src=\"http:\/\/grundschule-am-papenberg.de\/wordpress\/wp-content\/uploads\/2025\/05\/IMG_8709-300x225.jpeg\" data-caption=\"Der Musikraum bietet viele M\u00f6glichkeiten zum Erleben der Instrumente\" data-source=\"modula\" data-srcset=\"http:\/\/grundschule-am-papenberg.de\/wordpress\/wp-content\/uploads\/2025\/05\/IMG_8709-scaled.jpeg 2560w, http:\/\/grundschule-am-papenberg.de\/wordpress\/wp-content\/uploads\/2025\/05\/IMG_8709-scaled-300x225.jpeg 300w, http:\/\/grundschule-am-papenberg.de\/wordpress\/wp-content\/uploads\/2025\/05\/IMG_8709-1024x768.jpeg 1024w, http:\/\/grundschule-am-papenberg.de\/wordpress\/wp-content\/uploads\/2025\/05\/IMG_8709-768x576.jpeg 768w, http:\/\/grundschule-am-papenberg.de\/wordpress\/wp-content\/uploads\/2025\/05\/IMG_8709-1536x1152.jpeg 1536w, http:\/\/grundschule-am-papenberg.de\/wordpress\/wp-content\/uploads\/2025\/05\/IMG_8709-2048x1536.jpeg 2048w, http:\/\/grundschule-am-papenberg.de\/wordpress\/wp-content\/uploads\/2025\/05\/IMG_8709-307x230.jpeg 307w\" data-sizes=\"(max-width: 300px) 100vw, 300px\" srcset=\"http:\/\/grundschule-am-papenberg.de\/wordpress\/wp-content\/uploads\/2025\/05\/IMG_8709-300x225.jpeg 300w, http:\/\/grundschule-am-papenberg.de\/wordpress\/wp-content\/uploads\/2025\/05\/IMG_8709-1024x768.jpeg 1024w, http:\/\/grundschule-am-papenberg.de\/wordpress\/wp-content\/uploads\/2025\/05\/IMG_8709-768x576.jpeg 768w, http:\/\/grundschule-am-papenberg.de\/wordpress\/wp-content\/uploads\/2025\/05\/IMG_8709-1536x1152.jpeg 1536w, http:\/\/grundschule-am-papenberg.de\/wordpress\/wp-content\/uploads\/2025\/05\/IMG_8709-2048x1536.jpeg 2048w, http:\/\/grundschule-am-papenberg.de\/wordpress\/wp-content\/uploads\/2025\/05\/IMG_8709-307x230.jpeg 307w\" sizes=\"(max-width: 300px) 100vw, 300px\" \/>\n\t\t<div class=\"figc\">\n\t\t\t<div class=\"figc-inner\">\n\t\t\t\t\t\t\t\t\t\t\t\t\t<p class=\"description\">Der Musikraum bietet viele M\u00f6glichkeiten zum Erleben der Instrumente<\/p>\n\t\t\t\t\t\t\t\t\t\t\t<\/div>\n\t\t<\/div>\n\n\t<\/div>\n\n<\/div><div class=\"modula-item effect-pufrobo\" >\n\t<div class=\"modula-item-overlay\"><\/div>\n\n\t<div class=\"modula-item-content\">\n\n\t\t\t\t\n\t\t\t\t\t<a data-image-id=\"5702\" tabindex=\"0\" rel=\"jtg-5696\" data-caption=\"Unser modernes Computerkabinett\" aria-label=\"Open image in lightbox\" role=\"button\" class=\"tile-inner modula-item-link\"><\/a>\n\t\t\n\t\t<img class=\"pic wp-image-5702 lazyload\"  data-valign=\"middle\" data-halign=\"center\" alt=\"\" data-full=\"http:\/\/grundschule-am-papenberg.de\/wordpress\/wp-content\/uploads\/2025\/05\/IMG_8634-1.jpeg\" title=\"Unser Computerkabinett\" width=\"300\" height=\"225\" data-src=\"http:\/\/grundschule-am-papenberg.de\/wordpress\/wp-content\/uploads\/2025\/05\/IMG_8634-1-300x225.jpeg\" data-caption=\"Unser modernes Computerkabinett\" data-source=\"modula\" data-srcset=\"http:\/\/grundschule-am-papenberg.de\/wordpress\/wp-content\/uploads\/2025\/05\/IMG_8634-1-scaled.jpeg 2560w, http:\/\/grundschule-am-papenberg.de\/wordpress\/wp-content\/uploads\/2025\/05\/IMG_8634-1-scaled-300x225.jpeg 300w, http:\/\/grundschule-am-papenberg.de\/wordpress\/wp-content\/uploads\/2025\/05\/IMG_8634-1-1024x768.jpeg 1024w, http:\/\/grundschule-am-papenberg.de\/wordpress\/wp-content\/uploads\/2025\/05\/IMG_8634-1-768x576.jpeg 768w, http:\/\/grundschule-am-papenberg.de\/wordpress\/wp-content\/uploads\/2025\/05\/IMG_8634-1-1536x1152.jpeg 1536w, http:\/\/grundschule-am-papenberg.de\/wordpress\/wp-content\/uploads\/2025\/05\/IMG_8634-1-2048x1536.jpeg 2048w, http:\/\/grundschule-am-papenberg.de\/wordpress\/wp-content\/uploads\/2025\/05\/IMG_8634-1-307x230.jpeg 307w\" data-sizes=\"(max-width: 300px) 100vw, 300px\" srcset=\"http:\/\/grundschule-am-papenberg.de\/wordpress\/wp-content\/uploads\/2025\/05\/IMG_8634-1-300x225.jpeg 300w, http:\/\/grundschule-am-papenberg.de\/wordpress\/wp-content\/uploads\/2025\/05\/IMG_8634-1-1024x768.jpeg 1024w, http:\/\/grundschule-am-papenberg.de\/wordpress\/wp-content\/uploads\/2025\/05\/IMG_8634-1-768x576.jpeg 768w, http:\/\/grundschule-am-papenberg.de\/wordpress\/wp-content\/uploads\/2025\/05\/IMG_8634-1-1536x1152.jpeg 1536w, http:\/\/grundschule-am-papenberg.de\/wordpress\/wp-content\/uploads\/2025\/05\/IMG_8634-1-2048x1536.jpeg 2048w, http:\/\/grundschule-am-papenberg.de\/wordpress\/wp-content\/uploads\/2025\/05\/IMG_8634-1-307x230.jpeg 307w\" sizes=\"(max-width: 300px) 100vw, 300px\" \/>\n\t\t<div class=\"figc\">\n\t\t\t<div class=\"figc-inner\">\n\t\t\t\t\t\t\t\t\t\t\t\t\t<p class=\"description\">Unser modernes Computerkabinett<\/p>\n\t\t\t\t\t\t\t\t\t\t\t<\/div>\n\t\t<\/div>\n\n\t<\/div>\n\n<\/div><div class=\"modula-item effect-pufrobo\" >\n\t<div class=\"modula-item-overlay\"><\/div>\n\n\t<div class=\"modula-item-content\">\n\n\t\t\t\t\n\t\t\t\t\t<a data-image-id=\"5703\" tabindex=\"0\" rel=\"jtg-5696\" data-caption=\"Das Computerkabinett f\u00fcr den PC-Unterricht in Klasse 3 und 4\" aria-label=\"Open image in lightbox\" role=\"button\" class=\"tile-inner modula-item-link\"><\/a>\n\t\t\n\t\t<img class=\"pic wp-image-5703 lazyload\"  data-valign=\"middle\" data-halign=\"center\" alt=\"\" data-full=\"http:\/\/grundschule-am-papenberg.de\/wordpress\/wp-content\/uploads\/2025\/05\/IMG_8630.jpeg\" title=\"Das Computerkabinett f\u00fcr den PC-Unterricht in Klasse 3 und 4\" width=\"300\" height=\"225\" data-src=\"http:\/\/grundschule-am-papenberg.de\/wordpress\/wp-content\/uploads\/2025\/05\/IMG_8630-300x225.jpeg\" data-caption=\"Das Computerkabinett f\u00fcr den PC-Unterricht in Klasse 3 und 4\" data-source=\"modula\" data-srcset=\"http:\/\/grundschule-am-papenberg.de\/wordpress\/wp-content\/uploads\/2025\/05\/IMG_8630-scaled.jpeg 2560w, http:\/\/grundschule-am-papenberg.de\/wordpress\/wp-content\/uploads\/2025\/05\/IMG_8630-scaled-300x225.jpeg 300w, http:\/\/grundschule-am-papenberg.de\/wordpress\/wp-content\/uploads\/2025\/05\/IMG_8630-1024x768.jpeg 1024w, http:\/\/grundschule-am-papenberg.de\/wordpress\/wp-content\/uploads\/2025\/05\/IMG_8630-768x576.jpeg 768w, http:\/\/grundschule-am-papenberg.de\/wordpress\/wp-content\/uploads\/2025\/05\/IMG_8630-1536x1152.jpeg 1536w, http:\/\/grundschule-am-papenberg.de\/wordpress\/wp-content\/uploads\/2025\/05\/IMG_8630-2048x1536.jpeg 2048w, http:\/\/grundschule-am-papenberg.de\/wordpress\/wp-content\/uploads\/2025\/05\/IMG_8630-307x230.jpeg 307w\" data-sizes=\"(max-width: 300px) 100vw, 300px\" srcset=\"http:\/\/grundschule-am-papenberg.de\/wordpress\/wp-content\/uploads\/2025\/05\/IMG_8630-300x225.jpeg 300w, http:\/\/grundschule-am-papenberg.de\/wordpress\/wp-content\/uploads\/2025\/05\/IMG_8630-1024x768.jpeg 1024w, http:\/\/grundschule-am-papenberg.de\/wordpress\/wp-content\/uploads\/2025\/05\/IMG_8630-768x576.jpeg 768w, http:\/\/grundschule-am-papenberg.de\/wordpress\/wp-content\/uploads\/2025\/05\/IMG_8630-1536x1152.jpeg 1536w, http:\/\/grundschule-am-papenberg.de\/wordpress\/wp-content\/uploads\/2025\/05\/IMG_8630-2048x1536.jpeg 2048w, http:\/\/grundschule-am-papenberg.de\/wordpress\/wp-content\/uploads\/2025\/05\/IMG_8630-307x230.jpeg 307w\" sizes=\"(max-width: 300px) 100vw, 300px\" \/>\n\t\t<div class=\"figc\">\n\t\t\t<div class=\"figc-inner\">\n\t\t\t\t\t\t\t\t\t\t\t\t\t<p class=\"description\">Das Computerkabinett f\u00fcr den PC-Unterricht in Klasse 3 und 4<\/p>\n\t\t\t\t\t\t\t\t\t\t\t<\/div>\n\t\t<\/div>\n\n\t<\/div>\n\n<\/div><div class=\"modula-item effect-pufrobo\" >\n\t<div class=\"modula-item-overlay\"><\/div>\n\n\t<div class=\"modula-item-content\">\n\n\t\t\t\t\n\t\t\t\t\t<a data-image-id=\"5705\" tabindex=\"0\" rel=\"jtg-5696\" data-caption=\"Unser Kunstraum\" aria-label=\"Open image in lightbox\" role=\"button\" class=\"tile-inner modula-item-link\"><\/a>\n\t\t\n\t\t<img class=\"pic wp-image-5705 lazyload\"  data-valign=\"middle\" data-halign=\"center\" alt=\"\" data-full=\"http:\/\/grundschule-am-papenberg.de\/wordpress\/wp-content\/uploads\/2025\/05\/IMG_8614-1.jpeg\" title=\"Unser Kunstraum\" width=\"300\" height=\"225\" data-src=\"http:\/\/grundschule-am-papenberg.de\/wordpress\/wp-content\/uploads\/2025\/05\/IMG_8614-1-300x225.jpeg\" data-caption=\"Unser Kunstraum\" data-source=\"modula\" data-srcset=\"http:\/\/grundschule-am-papenberg.de\/wordpress\/wp-content\/uploads\/2025\/05\/IMG_8614-1-scaled.jpeg 2560w, http:\/\/grundschule-am-papenberg.de\/wordpress\/wp-content\/uploads\/2025\/05\/IMG_8614-1-scaled-300x225.jpeg 300w, http:\/\/grundschule-am-papenberg.de\/wordpress\/wp-content\/uploads\/2025\/05\/IMG_8614-1-1024x768.jpeg 1024w, http:\/\/grundschule-am-papenberg.de\/wordpress\/wp-content\/uploads\/2025\/05\/IMG_8614-1-768x576.jpeg 768w, http:\/\/grundschule-am-papenberg.de\/wordpress\/wp-content\/uploads\/2025\/05\/IMG_8614-1-1536x1152.jpeg 1536w, http:\/\/grundschule-am-papenberg.de\/wordpress\/wp-content\/uploads\/2025\/05\/IMG_8614-1-2048x1536.jpeg 2048w, http:\/\/grundschule-am-papenberg.de\/wordpress\/wp-content\/uploads\/2025\/05\/IMG_8614-1-307x230.jpeg 307w\" data-sizes=\"(max-width: 300px) 100vw, 300px\" srcset=\"http:\/\/grundschule-am-papenberg.de\/wordpress\/wp-content\/uploads\/2025\/05\/IMG_8614-1-300x225.jpeg 300w, http:\/\/grundschule-am-papenberg.de\/wordpress\/wp-content\/uploads\/2025\/05\/IMG_8614-1-1024x768.jpeg 1024w, http:\/\/grundschule-am-papenberg.de\/wordpress\/wp-content\/uploads\/2025\/05\/IMG_8614-1-768x576.jpeg 768w, http:\/\/grundschule-am-papenberg.de\/wordpress\/wp-content\/uploads\/2025\/05\/IMG_8614-1-1536x1152.jpeg 1536w, http:\/\/grundschule-am-papenberg.de\/wordpress\/wp-content\/uploads\/2025\/05\/IMG_8614-1-2048x1536.jpeg 2048w, http:\/\/grundschule-am-papenberg.de\/wordpress\/wp-content\/uploads\/2025\/05\/IMG_8614-1-307x230.jpeg 307w\" sizes=\"(max-width: 300px) 100vw, 300px\" \/>\n\t\t<div class=\"figc\">\n\t\t\t<div class=\"figc-inner\">\n\t\t\t\t\t\t\t\t\t\t\t\t\t<p class=\"description\">Unser Kunstraum<\/p>\n\t\t\t\t\t\t\t\t\t\t\t<\/div>\n\t\t<\/div>\n\n\t<\/div>\n\n<\/div><div class=\"modula-item effect-pufrobo\" >\n\t<div class=\"modula-item-overlay\"><\/div>\n\n\t<div class=\"modula-item-content\">\n\n\t\t\t\t\n\t\t\t\t\t<a data-image-id=\"5710\" tabindex=\"0\" rel=\"jtg-5696\" data-caption=\"Der Religionsraum\" aria-label=\"Open image in lightbox\" role=\"button\" class=\"tile-inner modula-item-link\"><\/a>\n\t\t\n\t\t<img class=\"pic wp-image-5710 lazyload\"  data-valign=\"middle\" data-halign=\"center\" alt=\"\" data-full=\"http:\/\/grundschule-am-papenberg.de\/wordpress\/wp-content\/uploads\/2025\/05\/IMG_8594-1.jpeg\" title=\"Der Religionsraum\" width=\"300\" height=\"225\" data-src=\"http:\/\/grundschule-am-papenberg.de\/wordpress\/wp-content\/uploads\/2025\/05\/IMG_8594-1-300x225.jpeg\" data-caption=\"Der Religionsraum\" data-source=\"modula\" data-srcset=\"http:\/\/grundschule-am-papenberg.de\/wordpress\/wp-content\/uploads\/2025\/05\/IMG_8594-1-scaled.jpeg 2560w, http:\/\/grundschule-am-papenberg.de\/wordpress\/wp-content\/uploads\/2025\/05\/IMG_8594-1-scaled-300x225.jpeg 300w, http:\/\/grundschule-am-papenberg.de\/wordpress\/wp-content\/uploads\/2025\/05\/IMG_8594-1-1024x768.jpeg 1024w, http:\/\/grundschule-am-papenberg.de\/wordpress\/wp-content\/uploads\/2025\/05\/IMG_8594-1-768x576.jpeg 768w, http:\/\/grundschule-am-papenberg.de\/wordpress\/wp-content\/uploads\/2025\/05\/IMG_8594-1-1536x1152.jpeg 1536w, http:\/\/grundschule-am-papenberg.de\/wordpress\/wp-content\/uploads\/2025\/05\/IMG_8594-1-2048x1536.jpeg 2048w, http:\/\/grundschule-am-papenberg.de\/wordpress\/wp-content\/uploads\/2025\/05\/IMG_8594-1-307x230.jpeg 307w\" data-sizes=\"(max-width: 300px) 100vw, 300px\" srcset=\"http:\/\/grundschule-am-papenberg.de\/wordpress\/wp-content\/uploads\/2025\/05\/IMG_8594-1-300x225.jpeg 300w, http:\/\/grundschule-am-papenberg.de\/wordpress\/wp-content\/uploads\/2025\/05\/IMG_8594-1-1024x768.jpeg 1024w, http:\/\/grundschule-am-papenberg.de\/wordpress\/wp-content\/uploads\/2025\/05\/IMG_8594-1-768x576.jpeg 768w, http:\/\/grundschule-am-papenberg.de\/wordpress\/wp-content\/uploads\/2025\/05\/IMG_8594-1-1536x1152.jpeg 1536w, http:\/\/grundschule-am-papenberg.de\/wordpress\/wp-content\/uploads\/2025\/05\/IMG_8594-1-2048x1536.jpeg 2048w, http:\/\/grundschule-am-papenberg.de\/wordpress\/wp-content\/uploads\/2025\/05\/IMG_8594-1-307x230.jpeg 307w\" sizes=\"(max-width: 300px) 100vw, 300px\" \/>\n\t\t<div class=\"figc\">\n\t\t\t<div class=\"figc-inner\">\n\t\t\t\t\t\t\t\t\t\t\t\t\t<p class=\"description\">Der Religionsraum<\/p>\n\t\t\t\t\t\t\t\t\t\t\t<\/div>\n\t\t<\/div>\n\n\t<\/div>\n\n<\/div><div class=\"modula-item effect-pufrobo\" >\n\t<div class=\"modula-item-overlay\"><\/div>\n\n\t<div class=\"modula-item-content\">\n\n\t\t\t\t\n\t\t\t\t\t<a data-image-id=\"5707\" tabindex=\"0\" rel=\"jtg-5696\" data-caption=\"Religion - Wir lernen voneinander\" aria-label=\"Open image in lightbox\" role=\"button\" class=\"tile-inner modula-item-link\"><\/a>\n\t\t\n\t\t<img class=\"pic wp-image-5707 lazyload\"  data-valign=\"middle\" data-halign=\"center\" alt=\"\" data-full=\"http:\/\/grundschule-am-papenberg.de\/wordpress\/wp-content\/uploads\/2025\/05\/IMG_8598-1.jpeg\" title=\"Religion &#8211; Wir lernen voneinander\" width=\"300\" height=\"225\" data-src=\"http:\/\/grundschule-am-papenberg.de\/wordpress\/wp-content\/uploads\/2025\/05\/IMG_8598-1-300x225.jpeg\" data-caption=\"Religion - Wir lernen voneinander\" data-source=\"modula\" data-srcset=\"http:\/\/grundschule-am-papenberg.de\/wordpress\/wp-content\/uploads\/2025\/05\/IMG_8598-1-scaled.jpeg 2560w, http:\/\/grundschule-am-papenberg.de\/wordpress\/wp-content\/uploads\/2025\/05\/IMG_8598-1-scaled-300x225.jpeg 300w, http:\/\/grundschule-am-papenberg.de\/wordpress\/wp-content\/uploads\/2025\/05\/IMG_8598-1-1024x768.jpeg 1024w, http:\/\/grundschule-am-papenberg.de\/wordpress\/wp-content\/uploads\/2025\/05\/IMG_8598-1-768x576.jpeg 768w, http:\/\/grundschule-am-papenberg.de\/wordpress\/wp-content\/uploads\/2025\/05\/IMG_8598-1-1536x1152.jpeg 1536w, http:\/\/grundschule-am-papenberg.de\/wordpress\/wp-content\/uploads\/2025\/05\/IMG_8598-1-2048x1536.jpeg 2048w, http:\/\/grundschule-am-papenberg.de\/wordpress\/wp-content\/uploads\/2025\/05\/IMG_8598-1-307x230.jpeg 307w\" data-sizes=\"(max-width: 300px) 100vw, 300px\" srcset=\"http:\/\/grundschule-am-papenberg.de\/wordpress\/wp-content\/uploads\/2025\/05\/IMG_8598-1-300x225.jpeg 300w, http:\/\/grundschule-am-papenberg.de\/wordpress\/wp-content\/uploads\/2025\/05\/IMG_8598-1-1024x768.jpeg 1024w, http:\/\/grundschule-am-papenberg.de\/wordpress\/wp-content\/uploads\/2025\/05\/IMG_8598-1-768x576.jpeg 768w, http:\/\/grundschule-am-papenberg.de\/wordpress\/wp-content\/uploads\/2025\/05\/IMG_8598-1-1536x1152.jpeg 1536w, http:\/\/grundschule-am-papenberg.de\/wordpress\/wp-content\/uploads\/2025\/05\/IMG_8598-1-2048x1536.jpeg 2048w, http:\/\/grundschule-am-papenberg.de\/wordpress\/wp-content\/uploads\/2025\/05\/IMG_8598-1-307x230.jpeg 307w\" sizes=\"(max-width: 300px) 100vw, 300px\" \/>\n\t\t<div class=\"figc\">\n\t\t\t<div class=\"figc-inner\">\n\t\t\t\t\t\t\t\t\t\t\t\t\t<p class=\"description\">Religion - Wir lernen voneinander<\/p>\n\t\t\t\t\t\t\t\t\t\t\t<\/div>\n\t\t<\/div>\n\n\t<\/div>\n\n<\/div><div class=\"modula-item effect-pufrobo\" >\n\t<div class=\"modula-item-overlay\"><\/div>\n\n\t<div class=\"modula-item-content\">\n\n\t\t\t\t\n\t\t\t\t\t<a data-image-id=\"5708\" tabindex=\"0\" rel=\"jtg-5696\" data-caption=\"Spielerisches Lernen im Religionsunterricht\" aria-label=\"Open image in lightbox\" role=\"button\" class=\"tile-inner modula-item-link\"><\/a>\n\t\t\n\t\t<img class=\"pic wp-image-5708 lazyload\"  data-valign=\"middle\" data-halign=\"center\" alt=\"\" data-full=\"http:\/\/grundschule-am-papenberg.de\/wordpress\/wp-content\/uploads\/2025\/05\/IMG_8591.jpeg\" title=\"Spielerisches Lernen im Religionsunterricht\" width=\"300\" height=\"225\" data-src=\"http:\/\/grundschule-am-papenberg.de\/wordpress\/wp-content\/uploads\/2025\/05\/IMG_8591-300x225.jpeg\" data-caption=\"Spielerisches Lernen im Religionsunterricht\" data-source=\"modula\" data-srcset=\"http:\/\/grundschule-am-papenberg.de\/wordpress\/wp-content\/uploads\/2025\/05\/IMG_8591-scaled.jpeg 2560w, http:\/\/grundschule-am-papenberg.de\/wordpress\/wp-content\/uploads\/2025\/05\/IMG_8591-scaled-300x225.jpeg 300w, http:\/\/grundschule-am-papenberg.de\/wordpress\/wp-content\/uploads\/2025\/05\/IMG_8591-1024x768.jpeg 1024w, http:\/\/grundschule-am-papenberg.de\/wordpress\/wp-content\/uploads\/2025\/05\/IMG_8591-768x576.jpeg 768w, http:\/\/grundschule-am-papenberg.de\/wordpress\/wp-content\/uploads\/2025\/05\/IMG_8591-1536x1152.jpeg 1536w, http:\/\/grundschule-am-papenberg.de\/wordpress\/wp-content\/uploads\/2025\/05\/IMG_8591-2048x1536.jpeg 2048w, http:\/\/grundschule-am-papenberg.de\/wordpress\/wp-content\/uploads\/2025\/05\/IMG_8591-307x230.jpeg 307w\" data-sizes=\"(max-width: 300px) 100vw, 300px\" srcset=\"http:\/\/grundschule-am-papenberg.de\/wordpress\/wp-content\/uploads\/2025\/05\/IMG_8591-300x225.jpeg 300w, http:\/\/grundschule-am-papenberg.de\/wordpress\/wp-content\/uploads\/2025\/05\/IMG_8591-1024x768.jpeg 1024w, http:\/\/grundschule-am-papenberg.de\/wordpress\/wp-content\/uploads\/2025\/05\/IMG_8591-768x576.jpeg 768w, http:\/\/grundschule-am-papenberg.de\/wordpress\/wp-content\/uploads\/2025\/05\/IMG_8591-1536x1152.jpeg 1536w, http:\/\/grundschule-am-papenberg.de\/wordpress\/wp-content\/uploads\/2025\/05\/IMG_8591-2048x1536.jpeg 2048w, http:\/\/grundschule-am-papenberg.de\/wordpress\/wp-content\/uploads\/2025\/05\/IMG_8591-307x230.jpeg 307w\" sizes=\"(max-width: 300px) 100vw, 300px\" \/>\n\t\t<div class=\"figc\">\n\t\t\t<div class=\"figc-inner\">\n\t\t\t\t\t\t\t\t\t\t\t\t\t<p class=\"description\">Spielerisches Lernen im Religionsunterricht<\/p>\n\t\t\t\t\t\t\t\t\t\t\t<\/div>\n\t\t<\/div>\n\n\t<\/div>\n\n<\/div><div class=\"modula-item effect-pufrobo\" >\n\t<div class=\"modula-item-overlay\"><\/div>\n\n\t<div class=\"modula-item-content\">\n\n\t\t\t\t\n\t\t\t\t\t<a data-image-id=\"5709\" tabindex=\"0\" rel=\"jtg-5696\" data-caption=\"\" aria-label=\"Open image in lightbox\" role=\"button\" class=\"tile-inner modula-item-link\"><\/a>\n\t\t\n\t\t<img class=\"pic wp-image-5709 lazyload\"  data-valign=\"middle\" data-halign=\"center\" alt=\"\" data-full=\"http:\/\/grundschule-am-papenberg.de\/wordpress\/wp-content\/uploads\/2025\/05\/IMG_8596-1.jpeg\" title=\"IMG_8596\" width=\"300\" height=\"225\" data-src=\"http:\/\/grundschule-am-papenberg.de\/wordpress\/wp-content\/uploads\/2025\/05\/IMG_8596-1-300x225.jpeg\" data-caption=\"\" data-source=\"modula\" data-srcset=\"http:\/\/grundschule-am-papenberg.de\/wordpress\/wp-content\/uploads\/2025\/05\/IMG_8596-1-scaled.jpeg 2560w, http:\/\/grundschule-am-papenberg.de\/wordpress\/wp-content\/uploads\/2025\/05\/IMG_8596-1-scaled-300x225.jpeg 300w, http:\/\/grundschule-am-papenberg.de\/wordpress\/wp-content\/uploads\/2025\/05\/IMG_8596-1-1024x768.jpeg 1024w, http:\/\/grundschule-am-papenberg.de\/wordpress\/wp-content\/uploads\/2025\/05\/IMG_8596-1-768x576.jpeg 768w, http:\/\/grundschule-am-papenberg.de\/wordpress\/wp-content\/uploads\/2025\/05\/IMG_8596-1-1536x1152.jpeg 1536w, http:\/\/grundschule-am-papenberg.de\/wordpress\/wp-content\/uploads\/2025\/05\/IMG_8596-1-2048x1536.jpeg 2048w, http:\/\/grundschule-am-papenberg.de\/wordpress\/wp-content\/uploads\/2025\/05\/IMG_8596-1-307x230.jpeg 307w\" data-sizes=\"(max-width: 300px) 100vw, 300px\" srcset=\"http:\/\/grundschule-am-papenberg.de\/wordpress\/wp-content\/uploads\/2025\/05\/IMG_8596-1-300x225.jpeg 300w, http:\/\/grundschule-am-papenberg.de\/wordpress\/wp-content\/uploads\/2025\/05\/IMG_8596-1-1024x768.jpeg 1024w, http:\/\/grundschule-am-papenberg.de\/wordpress\/wp-content\/uploads\/2025\/05\/IMG_8596-1-768x576.jpeg 768w, http:\/\/grundschule-am-papenberg.de\/wordpress\/wp-content\/uploads\/2025\/05\/IMG_8596-1-1536x1152.jpeg 1536w, http:\/\/grundschule-am-papenberg.de\/wordpress\/wp-content\/uploads\/2025\/05\/IMG_8596-1-2048x1536.jpeg 2048w, http:\/\/grundschule-am-papenberg.de\/wordpress\/wp-content\/uploads\/2025\/05\/IMG_8596-1-307x230.jpeg 307w\" sizes=\"(max-width: 300px) 100vw, 300px\" \/>\n\t\t<div class=\"figc no-description\">\n\t\t\t<div class=\"figc-inner\">\n\t\t\t\t\t\t\t\t\t\t\t\t\t\t\t<\/div>\n\t\t<\/div>\n\n\t<\/div>\n\n<\/div><div class=\"modula-item effect-pufrobo\" >\n\t<div class=\"modula-item-overlay\"><\/div>\n\n\t<div class=\"modula-item-content\">\n\n\t\t\t\t\n\t\t\t\t\t<a data-image-id=\"5711\" tabindex=\"0\" rel=\"jtg-5696\" data-caption=\"Ihre Kinder k\u00f6nnen den Religions- oder Ersatzunterricht besuchen\" aria-label=\"Open image in lightbox\" role=\"button\" class=\"tile-inner modula-item-link\"><\/a>\n\t\t\n\t\t<img class=\"pic wp-image-5711 lazyload\"  data-valign=\"middle\" data-halign=\"center\" alt=\"\" data-full=\"http:\/\/grundschule-am-papenberg.de\/wordpress\/wp-content\/uploads\/2025\/05\/IMG_8582.jpeg\" title=\"Ihre Kinder k\u00f6nnen den Religions- oder Ersatzunterricht besuchen\" width=\"300\" height=\"225\" data-src=\"http:\/\/grundschule-am-papenberg.de\/wordpress\/wp-content\/uploads\/2025\/05\/IMG_8582-300x225.jpeg\" data-caption=\"Ihre Kinder k\u00f6nnen den Religions- oder Ersatzunterricht besuchen\" data-source=\"modula\" data-srcset=\"http:\/\/grundschule-am-papenberg.de\/wordpress\/wp-content\/uploads\/2025\/05\/IMG_8582-scaled.jpeg 2560w, http:\/\/grundschule-am-papenberg.de\/wordpress\/wp-content\/uploads\/2025\/05\/IMG_8582-scaled-300x225.jpeg 300w, http:\/\/grundschule-am-papenberg.de\/wordpress\/wp-content\/uploads\/2025\/05\/IMG_8582-1024x768.jpeg 1024w, http:\/\/grundschule-am-papenberg.de\/wordpress\/wp-content\/uploads\/2025\/05\/IMG_8582-768x576.jpeg 768w, http:\/\/grundschule-am-papenberg.de\/wordpress\/wp-content\/uploads\/2025\/05\/IMG_8582-1536x1152.jpeg 1536w, http:\/\/grundschule-am-papenberg.de\/wordpress\/wp-content\/uploads\/2025\/05\/IMG_8582-2048x1536.jpeg 2048w, http:\/\/grundschule-am-papenberg.de\/wordpress\/wp-content\/uploads\/2025\/05\/IMG_8582-307x230.jpeg 307w\" data-sizes=\"(max-width: 300px) 100vw, 300px\" srcset=\"http:\/\/grundschule-am-papenberg.de\/wordpress\/wp-content\/uploads\/2025\/05\/IMG_8582-300x225.jpeg 300w, http:\/\/grundschule-am-papenberg.de\/wordpress\/wp-content\/uploads\/2025\/05\/IMG_8582-1024x768.jpeg 1024w, http:\/\/grundschule-am-papenberg.de\/wordpress\/wp-content\/uploads\/2025\/05\/IMG_8582-768x576.jpeg 768w, http:\/\/grundschule-am-papenberg.de\/wordpress\/wp-content\/uploads\/2025\/05\/IMG_8582-1536x1152.jpeg 1536w, http:\/\/grundschule-am-papenberg.de\/wordpress\/wp-content\/uploads\/2025\/05\/IMG_8582-2048x1536.jpeg 2048w, http:\/\/grundschule-am-papenberg.de\/wordpress\/wp-content\/uploads\/2025\/05\/IMG_8582-307x230.jpeg 307w\" sizes=\"(max-width: 300px) 100vw, 300px\" \/>\n\t\t<div class=\"figc\">\n\t\t\t<div class=\"figc-inner\">\n\t\t\t\t\t\t\t\t\t\t\t\t\t<p class=\"description\">Ihre Kinder k\u00f6nnen den Religions- oder Ersatzunterricht besuchen<\/p>\n\t\t\t\t\t\t\t\t\t\t\t<\/div>\n\t\t<\/div>\n\n\t<\/div>\n\n<\/div><div class=\"modula-item effect-pufrobo\" >\n\t<div class=\"modula-item-overlay\"><\/div>\n\n\t<div class=\"modula-item-content\">\n\n\t\t\t\t\n\t\t\t\t\t<a data-image-id=\"5714\" tabindex=\"0\" rel=\"jtg-5696\" data-caption=\"Unser gro\u00dfer F\u00f6rderraum\" aria-label=\"Open image in lightbox\" role=\"button\" class=\"tile-inner modula-item-link\"><\/a>\n\t\t\n\t\t<img class=\"pic wp-image-5714 lazyload\"  data-valign=\"middle\" data-halign=\"center\" alt=\"\" data-full=\"http:\/\/grundschule-am-papenberg.de\/wordpress\/wp-content\/uploads\/2025\/05\/IMG_8610-1.jpeg\" title=\"Unser gro\u00dfer F\u00f6rderraum\" width=\"300\" height=\"225\" data-src=\"http:\/\/grundschule-am-papenberg.de\/wordpress\/wp-content\/uploads\/2025\/05\/IMG_8610-1-300x225.jpeg\" data-caption=\"Unser gro\u00dfer F\u00f6rderraum\" data-source=\"modula\" data-srcset=\"http:\/\/grundschule-am-papenberg.de\/wordpress\/wp-content\/uploads\/2025\/05\/IMG_8610-1-scaled.jpeg 2560w, http:\/\/grundschule-am-papenberg.de\/wordpress\/wp-content\/uploads\/2025\/05\/IMG_8610-1-scaled-300x225.jpeg 300w, http:\/\/grundschule-am-papenberg.de\/wordpress\/wp-content\/uploads\/2025\/05\/IMG_8610-1-1024x768.jpeg 1024w, http:\/\/grundschule-am-papenberg.de\/wordpress\/wp-content\/uploads\/2025\/05\/IMG_8610-1-768x576.jpeg 768w, http:\/\/grundschule-am-papenberg.de\/wordpress\/wp-content\/uploads\/2025\/05\/IMG_8610-1-1536x1152.jpeg 1536w, http:\/\/grundschule-am-papenberg.de\/wordpress\/wp-content\/uploads\/2025\/05\/IMG_8610-1-2048x1536.jpeg 2048w, http:\/\/grundschule-am-papenberg.de\/wordpress\/wp-content\/uploads\/2025\/05\/IMG_8610-1-307x230.jpeg 307w\" data-sizes=\"(max-width: 300px) 100vw, 300px\" srcset=\"http:\/\/grundschule-am-papenberg.de\/wordpress\/wp-content\/uploads\/2025\/05\/IMG_8610-1-300x225.jpeg 300w, http:\/\/grundschule-am-papenberg.de\/wordpress\/wp-content\/uploads\/2025\/05\/IMG_8610-1-1024x768.jpeg 1024w, http:\/\/grundschule-am-papenberg.de\/wordpress\/wp-content\/uploads\/2025\/05\/IMG_8610-1-768x576.jpeg 768w, http:\/\/grundschule-am-papenberg.de\/wordpress\/wp-content\/uploads\/2025\/05\/IMG_8610-1-1536x1152.jpeg 1536w, http:\/\/grundschule-am-papenberg.de\/wordpress\/wp-content\/uploads\/2025\/05\/IMG_8610-1-2048x1536.jpeg 2048w, http:\/\/grundschule-am-papenberg.de\/wordpress\/wp-content\/uploads\/2025\/05\/IMG_8610-1-307x230.jpeg 307w\" sizes=\"(max-width: 300px) 100vw, 300px\" \/>\n\t\t<div class=\"figc\">\n\t\t\t<div class=\"figc-inner\">\n\t\t\t\t\t\t\t\t\t\t\t\t\t<p class=\"description\">Unser gro\u00dfer F\u00f6rderraum<\/p>\n\t\t\t\t\t\t\t\t\t\t\t<\/div>\n\t\t<\/div>\n\n\t<\/div>\n\n<\/div><div class=\"modula-item effect-pufrobo\" >\n\t<div class=\"modula-item-overlay\"><\/div>\n\n\t<div class=\"modula-item-content\">\n\n\t\t\t\t\n\t\t\t\t\t<a data-image-id=\"5713\" tabindex=\"0\" rel=\"jtg-5696\" data-caption=\"Hier erhalten Ihre Kinder individuellen F\u00f6rderunterricht\" aria-label=\"Open image in lightbox\" role=\"button\" class=\"tile-inner modula-item-link\"><\/a>\n\t\t\n\t\t<img class=\"pic wp-image-5713 lazyload\"  data-valign=\"middle\" data-halign=\"center\" alt=\"\" data-full=\"http:\/\/grundschule-am-papenberg.de\/wordpress\/wp-content\/uploads\/2025\/05\/IMG_8606-1.jpeg\" title=\"Ihr erhalten Ihre Kinder individuellen F\u00f6rderunterricht\" width=\"300\" height=\"225\" data-src=\"http:\/\/grundschule-am-papenberg.de\/wordpress\/wp-content\/uploads\/2025\/05\/IMG_8606-1-300x225.jpeg\" data-caption=\"Hier erhalten Ihre Kinder individuellen F\u00f6rderunterricht\" data-source=\"modula\" data-srcset=\"http:\/\/grundschule-am-papenberg.de\/wordpress\/wp-content\/uploads\/2025\/05\/IMG_8606-1-scaled.jpeg 2560w, http:\/\/grundschule-am-papenberg.de\/wordpress\/wp-content\/uploads\/2025\/05\/IMG_8606-1-scaled-300x225.jpeg 300w, http:\/\/grundschule-am-papenberg.de\/wordpress\/wp-content\/uploads\/2025\/05\/IMG_8606-1-1024x768.jpeg 1024w, http:\/\/grundschule-am-papenberg.de\/wordpress\/wp-content\/uploads\/2025\/05\/IMG_8606-1-768x576.jpeg 768w, http:\/\/grundschule-am-papenberg.de\/wordpress\/wp-content\/uploads\/2025\/05\/IMG_8606-1-1536x1152.jpeg 1536w, http:\/\/grundschule-am-papenberg.de\/wordpress\/wp-content\/uploads\/2025\/05\/IMG_8606-1-2048x1536.jpeg 2048w, http:\/\/grundschule-am-papenberg.de\/wordpress\/wp-content\/uploads\/2025\/05\/IMG_8606-1-307x230.jpeg 307w\" data-sizes=\"(max-width: 300px) 100vw, 300px\" srcset=\"http:\/\/grundschule-am-papenberg.de\/wordpress\/wp-content\/uploads\/2025\/05\/IMG_8606-1-300x225.jpeg 300w, http:\/\/grundschule-am-papenberg.de\/wordpress\/wp-content\/uploads\/2025\/05\/IMG_8606-1-1024x768.jpeg 1024w, http:\/\/grundschule-am-papenberg.de\/wordpress\/wp-content\/uploads\/2025\/05\/IMG_8606-1-768x576.jpeg 768w, http:\/\/grundschule-am-papenberg.de\/wordpress\/wp-content\/uploads\/2025\/05\/IMG_8606-1-1536x1152.jpeg 1536w, http:\/\/grundschule-am-papenberg.de\/wordpress\/wp-content\/uploads\/2025\/05\/IMG_8606-1-2048x1536.jpeg 2048w, http:\/\/grundschule-am-papenberg.de\/wordpress\/wp-content\/uploads\/2025\/05\/IMG_8606-1-307x230.jpeg 307w\" sizes=\"(max-width: 300px) 100vw, 300px\" \/>\n\t\t<div class=\"figc\">\n\t\t\t<div class=\"figc-inner\">\n\t\t\t\t\t\t\t\t\t\t\t\t\t<p class=\"description\">Hier erhalten Ihre Kinder individuellen F\u00f6rderunterricht<\/p>\n\t\t\t\t\t\t\t\t\t\t\t<\/div>\n\t\t<\/div>\n\n\t<\/div>\n\n<\/div>\t\t\n\t<\/div>\n\n\t\n\t\n\t<script type=\"application\/ld+json\">\n\t{\n\t\t\"@context\": \"http:\/\/schema.org\",\n\t\t\"@type\"   : \"ImageGallery\",\n\t\t\"id\"      : \"http:\/\/grundschule-am-papenberg.de\/?page_id=4538\/\",\n\t\t\"url\"     : \"http:\/\/grundschule-am-papenberg.de\/?page_id=4538\/\"\n\t}\n\n\t<\/script>\n\n\t\n<\/div>\n","protected":false},"excerpt":{"rendered":"<p>Hier erhalten Sie Einblicke in unser Schulgeb\u00e4ude. Ob Klassenzimmer, Fachr\u00e4ume, Pausenhof oder unser gro\u00dfes Atrium \u2013 jeder Abschnitt der Galerie stellt einen anderen Bereich unserer Schule vor und l\u00e4dt dazu ein, unser Schulleben zu entdecken. Wir w\u00fcnschen viel Freude beim St\u00f6bern! Unser Schulhaus und unsere zwei Schulh\u00f6fe Unsere Klassenr\u00e4ume Unsere Fachr\u00e4ume<\/p>\n","protected":false},"author":2,"featured_media":0,"parent":0,"menu_order":3,"comment_status":"closed","ping_status":"closed","template":"","meta":{"footnotes":""},"class_list":["post-4538","page","type-page","status-publish","hentry"],"_links":{"self":[{"href":"http:\/\/grundschule-am-papenberg.de\/index.php?rest_route=\/wp\/v2\/pages\/4538","targetHints":{"allow":["GET"]}}],"collection":[{"href":"http:\/\/grundschule-am-papenberg.de\/index.php?rest_route=\/wp\/v2\/pages"}],"about":[{"href":"http:\/\/grundschule-am-papenberg.de\/index.php?rest_route=\/wp\/v2\/types\/page"}],"author":[{"embeddable":true,"href":"http:\/\/grundschule-am-papenberg.de\/index.php?rest_route=\/wp\/v2\/users\/2"}],"replies":[{"embeddable":true,"href":"http:\/\/grundschule-am-papenberg.de\/index.php?rest_route=%2Fwp%2Fv2%2Fcomments&post=4538"}],"version-history":[{"count":3,"href":"http:\/\/grundschule-am-papenberg.de\/index.php?rest_route=\/wp\/v2\/pages\/4538\/revisions"}],"predecessor-version":[{"id":5717,"href":"http:\/\/grundschule-am-papenberg.de\/index.php?rest_route=\/wp\/v2\/pages\/4538\/revisions\/5717"}],"wp:attachment":[{"href":"http:\/\/grundschule-am-papenberg.de\/index.php?rest_route=%2Fwp%2Fv2%2Fmedia&parent=4538"}],"curies":[{"name":"wp","href":"https:\/\/api.w.org\/{rel}","templated":true}]}}