{"id":33,"date":"2015-03-10T17:02:06","date_gmt":"2015-03-10T16:02:06","guid":{"rendered":"http:\/\/grundschule-am-papenberg.de\/wordpress\/?page_id=33"},"modified":"2026-01-07T22:51:07","modified_gmt":"2026-01-07T21:51:07","slug":"hort","status":"publish","type":"page","link":"http:\/\/grundschule-am-papenberg.de\/?page_id=33","title":{"rendered":"Hort"},"content":{"rendered":"<p>F\u00fcr die Kinder unserer Schule stehen zwei Horte zur Verf\u00fcgung.<\/p>\n<p>Weitere Informationen \u00fcber die beiden Hortzentren finden Sie auf den jeweiligen Internetseiten, die hier f\u00fcr Sie verlinkt sind.<\/p>\n<table style=\"height: 386px; width: 106.327999%;\">\n<tbody>\n<tr style=\"height: 318px;\">\n<td style=\"width: 45%; height: 318px;\">\n<p><strong><a href=\"https:\/\/www.waren-mueritz.de\/de\/leben-in-waren-mueritz\/familie-kinder-jugend-senioren\/kinderbetreuung\/hortzentrum_waren-ost\/\">Hortzentrum Waren-Ost<\/a><\/strong><\/p>\n<p><span style=\"font-size: revert; font-family: inherit;\">Tr\u00e4ger: Stadt Waren<\/span><\/p>\n<p>Hortleiterin: Frau Schupa<\/p>\n<p>Tel.: 03991 &#8211; 663002<\/p>\n<p>B\u00fcrgermeister-Schlaaff-Stra\u00dfe 27<\/p>\n<p>17192 Waren (M\u00fcritz)<\/p>\n<\/td>\n<td style=\"width: 45%; height: 318px;\">\n<p><strong><a href=\"https:\/\/www.jugendundsozialwerk.de\/kitas\/mecklenburg-vorpommern\/waren-mueritz\/integrative-kita-welt-entdecker\/ueber-uns-integrative-kita-welt-entdecker\/\">Hort Weltentdecker<\/a><\/strong><\/p>\n<p><span style=\"font-size: revert; font-family: inherit;\">Tr\u00e4ger: <\/span><span style=\"font-size: revert; font-family: inherit;\">JuS<\/span><\/p>\n<p>Hortleiterin: Frau Mielke-Michaelis<\/p>\n<p>Tel.: 03991 &#8211; 666316<\/p>\n<p>B\u00fcrgermeister-Schlaaff-Stra\u00dfe 5<\/p>\n<p>17192 Waren (M\u00fcritz)<\/p>\n<\/td>\n<\/tr>\n<\/tbody>\n<\/table>\n\n\n\n","protected":false},"excerpt":{"rendered":"<p>F\u00fcr die Kinder unserer Schule stehen zwei Horte zur Verf\u00fcgung. Weitere Informationen \u00fcber die beiden Hortzentren finden Sie auf den jeweiligen Internetseiten, die hier f\u00fcr Sie verlinkt sind. Hortzentrum Waren-Ost Tr\u00e4ger: Stadt Waren Hortleiterin: Frau Schupa Tel.: 03991 &#8211; 663002 B\u00fcrgermeister-Schlaaff-Stra\u00dfe 27 17192 Waren (M\u00fcritz) Hort Weltentdecker Tr\u00e4ger: JuS Hortleiterin: Frau Mielke-Michaelis Tel.: 03991 &#8211; [&hellip;]<\/p>\n","protected":false},"author":2,"featured_media":0,"parent":0,"menu_order":5,"comment_status":"closed","ping_status":"closed","template":"","meta":{"footnotes":""},"class_list":["post-33","page","type-page","status-publish","hentry"],"_links":{"self":[{"href":"http:\/\/grundschule-am-papenberg.de\/index.php?rest_route=\/wp\/v2\/pages\/33","targetHints":{"allow":["GET"]}}],"collection":[{"href":"http:\/\/grundschule-am-papenberg.de\/index.php?rest_route=\/wp\/v2\/pages"}],"about":[{"href":"http:\/\/grundschule-am-papenberg.de\/index.php?rest_route=\/wp\/v2\/types\/page"}],"author":[{"embeddable":true,"href":"http:\/\/grundschule-am-papenberg.de\/index.php?rest_route=\/wp\/v2\/users\/2"}],"replies":[{"embeddable":true,"href":"http:\/\/grundschule-am-papenberg.de\/index.php?rest_route=%2Fwp%2Fv2%2Fcomments&post=33"}],"version-history":[{"count":2,"href":"http:\/\/grundschule-am-papenberg.de\/index.php?rest_route=\/wp\/v2\/pages\/33\/revisions"}],"predecessor-version":[{"id":6195,"href":"http:\/\/grundschule-am-papenberg.de\/index.php?rest_route=\/wp\/v2\/pages\/33\/revisions\/6195"}],"wp:attachment":[{"href":"http:\/\/grundschule-am-papenberg.de\/index.php?rest_route=%2Fwp%2Fv2%2Fmedia&parent=33"}],"curies":[{"name":"wp","href":"https:\/\/api.w.org\/{rel}","templated":true}]}}