{"id":2463,"date":"2020-08-30T20:17:23","date_gmt":"2020-08-30T18:17:23","guid":{"rendered":"http:\/\/grundschule-am-papenberg.de\/?page_id=2463"},"modified":"2025-12-11T21:46:44","modified_gmt":"2025-12-11T20:46:44","slug":"unterstuetzende-paedagogische-fachkraefte","status":"publish","type":"page","link":"http:\/\/grundschule-am-papenberg.de\/?page_id=2463","title":{"rendered":"unterst\u00fctzende p\u00e4dagogische Fachkr\u00e4fte"},"content":{"rendered":"<p>An unserer Schule sind Frau Schulz und Frau Rieck als unterst\u00fctzende p\u00e4dagogische Fachkr\u00e4fte (upF) t\u00e4tig. Ihre Hauptaufgabe ist die unterrichtsbegleitende p\u00e4dagogische Arbeit mit den Kindern. Sie unterst\u00fctzt die Lehrer bei der Durchf\u00fchrung des Unterrichts und die Sch\u00fcler in ihrer allgemeinen und schulischen Entwicklung.<\/p>\n<p>Weitere T\u00e4tigkeitsschwerpunkte sind:<\/p>\n<ul style=\"list-style-type: disc;\">\n<li>Einzel- und Gruppenf\u00f6rderung der Sch\u00fclerinnen und Sch\u00fcler<\/li>\n<li>Mitwirkung bei der Vorbereitung und Durchf\u00fchrung unterrichtsbegleitender Ma\u00dfnahmen sowie anderer schulischer Veranstaltungen<\/li>\n<li>Mitwirkung bei der Beratung der Erziehungsberechtigten<\/li>\n<li>Mitwirkung bei der Durchf\u00fchrung sozialp\u00e4dagogischer Ma\u00dfnahmen<\/li>\n<li>Deutsch als Zweitsprache (DaZ)<\/li>\n<\/ul>\n","protected":false},"excerpt":{"rendered":"<p>An unserer Schule sind Frau Schulz und Frau Rieck als unterst\u00fctzende p\u00e4dagogische Fachkr\u00e4fte (upF) t\u00e4tig. Ihre Hauptaufgabe ist die unterrichtsbegleitende p\u00e4dagogische Arbeit mit den Kindern. Sie unterst\u00fctzt die Lehrer bei der Durchf\u00fchrung des Unterrichts und die Sch\u00fcler in ihrer allgemeinen und schulischen Entwicklung. Weitere T\u00e4tigkeitsschwerpunkte sind: Einzel- und Gruppenf\u00f6rderung der Sch\u00fclerinnen und Sch\u00fcler Mitwirkung bei [&hellip;]<\/p>\n","protected":false},"author":2,"featured_media":0,"parent":8,"menu_order":0,"comment_status":"closed","ping_status":"closed","template":"","meta":{"footnotes":""},"class_list":["post-2463","page","type-page","status-publish","hentry"],"_links":{"self":[{"href":"http:\/\/grundschule-am-papenberg.de\/index.php?rest_route=\/wp\/v2\/pages\/2463","targetHints":{"allow":["GET"]}}],"collection":[{"href":"http:\/\/grundschule-am-papenberg.de\/index.php?rest_route=\/wp\/v2\/pages"}],"about":[{"href":"http:\/\/grundschule-am-papenberg.de\/index.php?rest_route=\/wp\/v2\/types\/page"}],"author":[{"embeddable":true,"href":"http:\/\/grundschule-am-papenberg.de\/index.php?rest_route=\/wp\/v2\/users\/2"}],"replies":[{"embeddable":true,"href":"http:\/\/grundschule-am-papenberg.de\/index.php?rest_route=%2Fwp%2Fv2%2Fcomments&post=2463"}],"version-history":[{"count":2,"href":"http:\/\/grundschule-am-papenberg.de\/index.php?rest_route=\/wp\/v2\/pages\/2463\/revisions"}],"predecessor-version":[{"id":6158,"href":"http:\/\/grundschule-am-papenberg.de\/index.php?rest_route=\/wp\/v2\/pages\/2463\/revisions\/6158"}],"up":[{"embeddable":true,"href":"http:\/\/grundschule-am-papenberg.de\/index.php?rest_route=\/wp\/v2\/pages\/8"}],"wp:attachment":[{"href":"http:\/\/grundschule-am-papenberg.de\/index.php?rest_route=%2Fwp%2Fv2%2Fmedia&parent=2463"}],"curies":[{"name":"wp","href":"https:\/\/api.w.org\/{rel}","templated":true}]}}